{"id":59,"date":"2013-06-06T16:25:58","date_gmt":"2013-06-06T16:25:58","guid":{"rendered":"http:\/\/cofestival.si\/cofestival-2\/?page_id=59"},"modified":"2016-12-05T21:37:32","modified_gmt":"2016-12-05T21:37:32","slug":"slike","status":"publish","type":"page","link":"http:\/\/www.cofestival.si\/2016\/en\/slike\/","title":{"rendered":"Photo gallery"},"content":{"rendered":"<h2>Cofestival 2016<\/h2>\n<hr \/>\n<h2><a href=\"http:\/\/www.cofestival.si\/2016\/blog\/2016\/10\/28\/ksenija-hribar-med-britanskim-in-slovenskim-sodobno-plesnim-kontekstom\/\" target=\"_blank\">Ksenija Hribar: Between the British and Slovene Contemporary Dance Contexts, exhibition opening (25.11.-4.12.2016)<\/a><\/h2>\n<p><a href=\"http:\/\/www.cofestival.si\/2016\/wp-content\/uploads\/sites\/8\/2013\/06\/rok-vevar_urska-boljkovac-5-mala.jpg\"><img loading=\"lazy\" decoding=\"async\" class=\"alignnone wp-image-3154\" src=\"http:\/\/www.cofestival.si\/2016\/wp-content\/uploads\/sites\/8\/2013\/06\/rok-vevar_urska-boljkovac-5-mala-1024x683.jpg\" alt=\"rok-vevar_urska-boljkovac-5-mala\" width=\"250\" height=\"167\" srcset=\"http:\/\/www.cofestival.si\/2016\/wp-content\/uploads\/sites\/8\/2013\/06\/rok-vevar_urska-boljkovac-5-mala-1024x683.jpg 1024w, http:\/\/www.cofestival.si\/2016\/wp-content\/uploads\/sites\/8\/2013\/06\/rok-vevar_urska-boljkovac-5-mala-300x200.jpg 300w, http:\/\/www.cofestival.si\/2016\/wp-content\/uploads\/sites\/8\/2013\/06\/rok-vevar_urska-boljkovac-5-mala-768x512.jpg 768w, http:\/\/www.cofestival.si\/2016\/wp-content\/uploads\/sites\/8\/2013\/06\/rok-vevar_urska-boljkovac-5-mala.jpg 1200w\" sizes=\"auto, (max-width: 250px) 100vw, 250px\" \/><\/a>\u00a0 \u00a0<a href=\"http:\/\/www.cofestival.si\/2016\/wp-content\/uploads\/sites\/8\/2013\/06\/rok-vevar_urska-boljkovac-7-mala.jpg\"><img loading=\"lazy\" decoding=\"async\" class=\"alignnone wp-image-3155\" src=\"http:\/\/www.cofestival.si\/2016\/wp-content\/uploads\/sites\/8\/2013\/06\/rok-vevar_urska-boljkovac-7-mala-1024x683.jpg\" alt=\"rok-vevar_urska-boljkovac-7-mala\" width=\"248\" height=\"165\" srcset=\"http:\/\/www.cofestival.si\/2016\/wp-content\/uploads\/sites\/8\/2013\/06\/rok-vevar_urska-boljkovac-7-mala-1024x683.jpg 1024w, http:\/\/www.cofestival.si\/2016\/wp-content\/uploads\/sites\/8\/2013\/06\/rok-vevar_urska-boljkovac-7-mala-300x200.jpg 300w, http:\/\/www.cofestival.si\/2016\/wp-content\/uploads\/sites\/8\/2013\/06\/rok-vevar_urska-boljkovac-7-mala-768x512.jpg 768w, http:\/\/www.cofestival.si\/2016\/wp-content\/uploads\/sites\/8\/2013\/06\/rok-vevar_urska-boljkovac-7-mala.jpg 1200w\" sizes=\"auto, (max-width: 248px) 100vw, 248px\" \/><\/a><\/p>\n<p><a href=\"http:\/\/www.cofestival.si\/2016\/wp-content\/uploads\/sites\/8\/2016\/11\/rok-vevar_urska-boljkovac-9-mala.jpg\"><img loading=\"lazy\" decoding=\"async\" class=\"alignnone wp-image-3164\" src=\"http:\/\/www.cofestival.si\/2016\/wp-content\/uploads\/sites\/8\/2016\/11\/rok-vevar_urska-boljkovac-9-mala-1024x683.jpg\" alt=\"rok-vevar_urska-boljkovac-9-mala\" width=\"251\" height=\"167\" srcset=\"http:\/\/www.cofestival.si\/2016\/wp-content\/uploads\/sites\/8\/2016\/11\/rok-vevar_urska-boljkovac-9-mala-1024x683.jpg 1024w, http:\/\/www.cofestival.si\/2016\/wp-content\/uploads\/sites\/8\/2016\/11\/rok-vevar_urska-boljkovac-9-mala-300x200.jpg 300w, http:\/\/www.cofestival.si\/2016\/wp-content\/uploads\/sites\/8\/2016\/11\/rok-vevar_urska-boljkovac-9-mala-768x512.jpg 768w, http:\/\/www.cofestival.si\/2016\/wp-content\/uploads\/sites\/8\/2016\/11\/rok-vevar_urska-boljkovac-9-mala.jpg 1200w\" sizes=\"auto, (max-width: 251px) 100vw, 251px\" \/><\/a>\u00a0 \u00a0<a href=\"http:\/\/www.cofestival.si\/2016\/wp-content\/uploads\/sites\/8\/2013\/06\/15167618_1163149377134017_5399101947851530817_o.jpg\"><img loading=\"lazy\" decoding=\"async\" class=\"alignnone wp-image-3177\" src=\"http:\/\/www.cofestival.si\/2016\/wp-content\/uploads\/sites\/8\/2013\/06\/15167618_1163149377134017_5399101947851530817_o-1024x683.jpg\" alt=\"15167618_1163149377134017_5399101947851530817_o\" width=\"249\" height=\"166\" srcset=\"http:\/\/www.cofestival.si\/2016\/wp-content\/uploads\/sites\/8\/2013\/06\/15167618_1163149377134017_5399101947851530817_o-1024x683.jpg 1024w, http:\/\/www.cofestival.si\/2016\/wp-content\/uploads\/sites\/8\/2013\/06\/15167618_1163149377134017_5399101947851530817_o-300x200.jpg 300w, http:\/\/www.cofestival.si\/2016\/wp-content\/uploads\/sites\/8\/2013\/06\/15167618_1163149377134017_5399101947851530817_o-768x512.jpg 768w, http:\/\/www.cofestival.si\/2016\/wp-content\/uploads\/sites\/8\/2013\/06\/15167618_1163149377134017_5399101947851530817_o.jpg 2048w\" sizes=\"auto, (max-width: 249px) 100vw, 249px\" \/><\/a><\/p>\n<p><strong><a href=\"https:\/\/www.facebook.com\/cofestivaldance\/?ref=ts&amp;fref=ts#!\/cofestivaldance\/photos\/?tab=album&amp;album_id=1163149340467354\">More photos&gt;<\/a><\/strong><br \/>\nPhoto: Ur\u0161ka Boljkovac<\/p>\n<hr \/>\n<h2><a href=\"http:\/\/www.cofestival.si\/2016\/blog\/2016\/10\/28\/goran-bogdanovski-20\/\" target=\"_blank\">Goran Bogdanovski: 2:0 &#8211; A Performance Based on True Events, premiere &#8211; Opening of the festival (25.11.2016)<\/a><\/h2>\n<p><a href=\"http:\/\/www.cofestival.si\/2016\/wp-content\/uploads\/sites\/8\/2016\/11\/goran-bogdanovski_urska-boljkovac-5-mala.jpg\"><img loading=\"lazy\" decoding=\"async\" class=\"alignnone wp-image-3167\" src=\"http:\/\/www.cofestival.si\/2016\/wp-content\/uploads\/sites\/8\/2016\/11\/goran-bogdanovski_urska-boljkovac-5-mala-1024x683.jpg\" alt=\"goran-bogdanovski_urska-boljkovac-5-mala\" width=\"255\" height=\"169\" srcset=\"http:\/\/www.cofestival.si\/2016\/wp-content\/uploads\/sites\/8\/2016\/11\/goran-bogdanovski_urska-boljkovac-5-mala-1024x683.jpg 1024w, http:\/\/www.cofestival.si\/2016\/wp-content\/uploads\/sites\/8\/2016\/11\/goran-bogdanovski_urska-boljkovac-5-mala-300x200.jpg 300w, http:\/\/www.cofestival.si\/2016\/wp-content\/uploads\/sites\/8\/2016\/11\/goran-bogdanovski_urska-boljkovac-5-mala-768x512.jpg 768w, http:\/\/www.cofestival.si\/2016\/wp-content\/uploads\/sites\/8\/2016\/11\/goran-bogdanovski_urska-boljkovac-5-mala.jpg 1200w\" sizes=\"auto, (max-width: 255px) 100vw, 255px\" \/><\/a>\u00a0 \u00a0<a href=\"http:\/\/www.cofestival.si\/2016\/wp-content\/uploads\/sites\/8\/2013\/06\/goran-bogdanovski_urska-boljkovac-12-mala.jpg\"><img loading=\"lazy\" decoding=\"async\" class=\"alignnone wp-image-3159\" src=\"http:\/\/www.cofestival.si\/2016\/wp-content\/uploads\/sites\/8\/2013\/06\/goran-bogdanovski_urska-boljkovac-12-mala-1024x683.jpg\" alt=\"goran-bogdanovski_urska-boljkovac-12-mala\" width=\"256\" height=\"170\" srcset=\"http:\/\/www.cofestival.si\/2016\/wp-content\/uploads\/sites\/8\/2013\/06\/goran-bogdanovski_urska-boljkovac-12-mala-1024x683.jpg 1024w, http:\/\/www.cofestival.si\/2016\/wp-content\/uploads\/sites\/8\/2013\/06\/goran-bogdanovski_urska-boljkovac-12-mala-300x200.jpg 300w, http:\/\/www.cofestival.si\/2016\/wp-content\/uploads\/sites\/8\/2013\/06\/goran-bogdanovski_urska-boljkovac-12-mala-768x512.jpg 768w, http:\/\/www.cofestival.si\/2016\/wp-content\/uploads\/sites\/8\/2013\/06\/goran-bogdanovski_urska-boljkovac-12-mala.jpg 1200w\" sizes=\"auto, (max-width: 256px) 100vw, 256px\" \/><\/a><\/p>\n<p><a href=\"http:\/\/www.cofestival.si\/2016\/wp-content\/uploads\/sites\/8\/2013\/06\/goran-bogdanovski_urska-boljkovac-20-mala.jpg\"><img loading=\"lazy\" decoding=\"async\" class=\"alignnone wp-image-3160\" src=\"http:\/\/www.cofestival.si\/2016\/wp-content\/uploads\/sites\/8\/2013\/06\/goran-bogdanovski_urska-boljkovac-20-mala-1024x683.jpg\" alt=\"goran-bogdanovski_urska-boljkovac-20-mala\" width=\"256\" height=\"170\" srcset=\"http:\/\/www.cofestival.si\/2016\/wp-content\/uploads\/sites\/8\/2013\/06\/goran-bogdanovski_urska-boljkovac-20-mala-1024x683.jpg 1024w, http:\/\/www.cofestival.si\/2016\/wp-content\/uploads\/sites\/8\/2013\/06\/goran-bogdanovski_urska-boljkovac-20-mala-300x200.jpg 300w, http:\/\/www.cofestival.si\/2016\/wp-content\/uploads\/sites\/8\/2013\/06\/goran-bogdanovski_urska-boljkovac-20-mala-768x512.jpg 768w, http:\/\/www.cofestival.si\/2016\/wp-content\/uploads\/sites\/8\/2013\/06\/goran-bogdanovski_urska-boljkovac-20-mala.jpg 1200w\" sizes=\"auto, (max-width: 256px) 100vw, 256px\" \/><\/a>\u00a0 \u00a0<a href=\"http:\/\/www.cofestival.si\/2016\/wp-content\/uploads\/sites\/8\/2016\/11\/goran-bogdanovski_urska-boljkovac-40-mala.jpg\"><img loading=\"lazy\" decoding=\"async\" class=\"alignnone wp-image-3166\" src=\"http:\/\/www.cofestival.si\/2016\/wp-content\/uploads\/sites\/8\/2016\/11\/goran-bogdanovski_urska-boljkovac-40-mala-1024x683.jpg\" alt=\"goran-bogdanovski_urska-boljkovac-40-mala\" width=\"255\" height=\"170\" srcset=\"http:\/\/www.cofestival.si\/2016\/wp-content\/uploads\/sites\/8\/2016\/11\/goran-bogdanovski_urska-boljkovac-40-mala-1024x683.jpg 1024w, http:\/\/www.cofestival.si\/2016\/wp-content\/uploads\/sites\/8\/2016\/11\/goran-bogdanovski_urska-boljkovac-40-mala-300x200.jpg 300w, http:\/\/www.cofestival.si\/2016\/wp-content\/uploads\/sites\/8\/2016\/11\/goran-bogdanovski_urska-boljkovac-40-mala-768x512.jpg 768w, http:\/\/www.cofestival.si\/2016\/wp-content\/uploads\/sites\/8\/2016\/11\/goran-bogdanovski_urska-boljkovac-40-mala.jpg 1200w\" sizes=\"auto, (max-width: 255px) 100vw, 255px\" \/><\/a><\/p>\n<p><strong><a href=\"https:\/\/www.facebook.com\/cofestivaldance\/?ref=ts&amp;fref=ts#!\/cofestivaldance\/photos\/?tab=album&amp;album_id=1163144687134486\">More photos&gt;<\/a><\/strong><br \/>\nPhoto: Ur\u0161ka Boljkovac<\/p>\n<div>\n<div>\n<hr \/>\n<h2><a href=\"http:\/\/www.cofestival.si\/2016\/blog\/2016\/09\/30\/uporaba-koreografskih-orodij-v-organizacijskem-kontekstu\/\" target=\"_blank\">Nina Bo\u017ei\u010d Yams &amp; Dejan Srhoj: Applying Choreographic Tools in the Organizational Chart, (26.-28.11.2016)<\/a><\/h2>\n<\/div>\n<p><a href=\"http:\/\/www.cofestival.si\/2016\/wp-content\/uploads\/sites\/8\/2013\/06\/delavnica-dejan-srhoj-in-nina-bozic_urska-boljkovac-18-mala.jpg\"><img loading=\"lazy\" decoding=\"async\" class=\"alignnone wp-image-3247\" src=\"http:\/\/www.cofestival.si\/2016\/wp-content\/uploads\/sites\/8\/2013\/06\/delavnica-dejan-srhoj-in-nina-bozic_urska-boljkovac-18-mala-1024x683.jpg\" alt=\"delavnica-dejan-srhoj-in-nina-bozic_urska-boljkovac-18-mala\" width=\"255\" height=\"170\" srcset=\"http:\/\/www.cofestival.si\/2016\/wp-content\/uploads\/sites\/8\/2013\/06\/delavnica-dejan-srhoj-in-nina-bozic_urska-boljkovac-18-mala-1024x683.jpg 1024w, http:\/\/www.cofestival.si\/2016\/wp-content\/uploads\/sites\/8\/2013\/06\/delavnica-dejan-srhoj-in-nina-bozic_urska-boljkovac-18-mala-300x200.jpg 300w, http:\/\/www.cofestival.si\/2016\/wp-content\/uploads\/sites\/8\/2013\/06\/delavnica-dejan-srhoj-in-nina-bozic_urska-boljkovac-18-mala-768x512.jpg 768w, http:\/\/www.cofestival.si\/2016\/wp-content\/uploads\/sites\/8\/2013\/06\/delavnica-dejan-srhoj-in-nina-bozic_urska-boljkovac-18-mala.jpg 1200w\" sizes=\"auto, (max-width: 255px) 100vw, 255px\" \/><\/a>\u00a0 \u00a0<a href=\"http:\/\/www.cofestival.si\/2016\/wp-content\/uploads\/sites\/8\/2013\/06\/delavnica-dejan-srhoj-in-nina-bozic_urska-boljkovac-8-mala.jpg\"><img loading=\"lazy\" decoding=\"async\" class=\"alignnone wp-image-3245\" src=\"http:\/\/www.cofestival.si\/2016\/wp-content\/uploads\/sites\/8\/2013\/06\/delavnica-dejan-srhoj-in-nina-bozic_urska-boljkovac-8-mala-1024x683.jpg\" alt=\"delavnica-dejan-srhoj-in-nina-bozic_urska-boljkovac-8-mala\" width=\"255\" height=\"170\" srcset=\"http:\/\/www.cofestival.si\/2016\/wp-content\/uploads\/sites\/8\/2013\/06\/delavnica-dejan-srhoj-in-nina-bozic_urska-boljkovac-8-mala-1024x683.jpg 1024w, http:\/\/www.cofestival.si\/2016\/wp-content\/uploads\/sites\/8\/2013\/06\/delavnica-dejan-srhoj-in-nina-bozic_urska-boljkovac-8-mala-300x200.jpg 300w, http:\/\/www.cofestival.si\/2016\/wp-content\/uploads\/sites\/8\/2013\/06\/delavnica-dejan-srhoj-in-nina-bozic_urska-boljkovac-8-mala-768x512.jpg 768w, http:\/\/www.cofestival.si\/2016\/wp-content\/uploads\/sites\/8\/2013\/06\/delavnica-dejan-srhoj-in-nina-bozic_urska-boljkovac-8-mala.jpg 1200w\" sizes=\"auto, (max-width: 255px) 100vw, 255px\" \/><\/a><\/p>\n<p><a href=\"http:\/\/www.cofestival.si\/2016\/wp-content\/uploads\/sites\/8\/2013\/06\/delavnica-dejan-srhoj-in-nina-bozic_urska-boljkovac-6-mala.jpg\"><img loading=\"lazy\" decoding=\"async\" class=\"alignnone wp-image-3244\" src=\"http:\/\/www.cofestival.si\/2016\/wp-content\/uploads\/sites\/8\/2013\/06\/delavnica-dejan-srhoj-in-nina-bozic_urska-boljkovac-6-mala-1024x683.jpg\" alt=\"delavnica-dejan-srhoj-in-nina-bozic_urska-boljkovac-6-mala\" width=\"255\" height=\"170\" srcset=\"http:\/\/www.cofestival.si\/2016\/wp-content\/uploads\/sites\/8\/2013\/06\/delavnica-dejan-srhoj-in-nina-bozic_urska-boljkovac-6-mala-1024x683.jpg 1024w, http:\/\/www.cofestival.si\/2016\/wp-content\/uploads\/sites\/8\/2013\/06\/delavnica-dejan-srhoj-in-nina-bozic_urska-boljkovac-6-mala-300x200.jpg 300w, http:\/\/www.cofestival.si\/2016\/wp-content\/uploads\/sites\/8\/2013\/06\/delavnica-dejan-srhoj-in-nina-bozic_urska-boljkovac-6-mala-768x512.jpg 768w, http:\/\/www.cofestival.si\/2016\/wp-content\/uploads\/sites\/8\/2013\/06\/delavnica-dejan-srhoj-in-nina-bozic_urska-boljkovac-6-mala.jpg 1200w\" sizes=\"auto, (max-width: 255px) 100vw, 255px\" \/><\/a>\u00a0 \u00a0<a href=\"http:\/\/www.cofestival.si\/2016\/wp-content\/uploads\/sites\/8\/2013\/06\/delavnica-dejan-srhoj-in-nina-bozic_urska-boljkovac-4-mala.jpg\"><img loading=\"lazy\" decoding=\"async\" class=\"alignnone wp-image-3243\" src=\"http:\/\/www.cofestival.si\/2016\/wp-content\/uploads\/sites\/8\/2013\/06\/delavnica-dejan-srhoj-in-nina-bozic_urska-boljkovac-4-mala-1024x683.jpg\" alt=\"delavnica-dejan-srhoj-in-nina-bozic_urska-boljkovac-4-mala\" width=\"255\" height=\"170\" srcset=\"http:\/\/www.cofestival.si\/2016\/wp-content\/uploads\/sites\/8\/2013\/06\/delavnica-dejan-srhoj-in-nina-bozic_urska-boljkovac-4-mala-1024x683.jpg 1024w, http:\/\/www.cofestival.si\/2016\/wp-content\/uploads\/sites\/8\/2013\/06\/delavnica-dejan-srhoj-in-nina-bozic_urska-boljkovac-4-mala-300x200.jpg 300w, http:\/\/www.cofestival.si\/2016\/wp-content\/uploads\/sites\/8\/2013\/06\/delavnica-dejan-srhoj-in-nina-bozic_urska-boljkovac-4-mala-768x512.jpg 768w, http:\/\/www.cofestival.si\/2016\/wp-content\/uploads\/sites\/8\/2013\/06\/delavnica-dejan-srhoj-in-nina-bozic_urska-boljkovac-4-mala.jpg 1200w\" sizes=\"auto, (max-width: 255px) 100vw, 255px\" \/><\/a><b><br \/>\n<\/b><a href=\"https:\/\/www.facebook.com\/cofestivaldance\/?fref=ts#!\/cofestivaldance\/photos\/?tab=album&amp;album_id=1166802560102032\"><strong>More photos&gt;<\/strong><\/a><br \/>\nPhoto: Ur\u0161ka Boljkovac<\/p>\n<\/div>\n<hr \/>\n<h2><a href=\"http:\/\/www.cofestival.si\/2016\/blog\/2016\/10\/28\/katja-legin-variacije-na-pocasnost-time-out-3\/\" target=\"_blank\">Variations on Slowness: Time Out 3 &#8211; Eating, Socializing, Reflecting and Performing (26.11.2016)<\/a><\/h2>\n<p><a href=\"http:\/\/www.cofestival.si\/2016\/wp-content\/uploads\/sites\/8\/2013\/06\/variacije-na-pocasnost-predstava_urska-boljkovac-7-mala.jpg\"><img loading=\"lazy\" decoding=\"async\" class=\"alignnone wp-image-3180\" src=\"http:\/\/www.cofestival.si\/2016\/wp-content\/uploads\/sites\/8\/2013\/06\/variacije-na-pocasnost-predstava_urska-boljkovac-7-mala-1024x683.jpg\" alt=\"variacije-na-pocasnost-predstava_urska-boljkovac-7-mala\" width=\"255\" height=\"170\" srcset=\"http:\/\/www.cofestival.si\/2016\/wp-content\/uploads\/sites\/8\/2013\/06\/variacije-na-pocasnost-predstava_urska-boljkovac-7-mala-1024x683.jpg 1024w, http:\/\/www.cofestival.si\/2016\/wp-content\/uploads\/sites\/8\/2013\/06\/variacije-na-pocasnost-predstava_urska-boljkovac-7-mala-300x200.jpg 300w, http:\/\/www.cofestival.si\/2016\/wp-content\/uploads\/sites\/8\/2013\/06\/variacije-na-pocasnost-predstava_urska-boljkovac-7-mala-768x512.jpg 768w, http:\/\/www.cofestival.si\/2016\/wp-content\/uploads\/sites\/8\/2013\/06\/variacije-na-pocasnost-predstava_urska-boljkovac-7-mala.jpg 1200w\" sizes=\"auto, (max-width: 255px) 100vw, 255px\" \/><\/a>\u00a0\u00a0 <a href=\"http:\/\/www.cofestival.si\/2016\/wp-content\/uploads\/sites\/8\/2013\/06\/variacije-na-pocasnost-predstava_urska-boljkovac-14-mala.jpg\"><img loading=\"lazy\" decoding=\"async\" class=\"alignnone wp-image-3181\" src=\"http:\/\/www.cofestival.si\/2016\/wp-content\/uploads\/sites\/8\/2013\/06\/variacije-na-pocasnost-predstava_urska-boljkovac-14-mala-1024x683.jpg\" alt=\"variacije-na-pocasnost-predstava_urska-boljkovac-14-mala\" width=\"254\" height=\"170\" srcset=\"http:\/\/www.cofestival.si\/2016\/wp-content\/uploads\/sites\/8\/2013\/06\/variacije-na-pocasnost-predstava_urska-boljkovac-14-mala-1024x683.jpg 1024w, http:\/\/www.cofestival.si\/2016\/wp-content\/uploads\/sites\/8\/2013\/06\/variacije-na-pocasnost-predstava_urska-boljkovac-14-mala-300x200.jpg 300w, http:\/\/www.cofestival.si\/2016\/wp-content\/uploads\/sites\/8\/2013\/06\/variacije-na-pocasnost-predstava_urska-boljkovac-14-mala-768x512.jpg 768w, http:\/\/www.cofestival.si\/2016\/wp-content\/uploads\/sites\/8\/2013\/06\/variacije-na-pocasnost-predstava_urska-boljkovac-14-mala.jpg 1200w\" sizes=\"auto, (max-width: 254px) 100vw, 254px\" \/><\/a><\/p>\n<p><a href=\"http:\/\/www.cofestival.si\/2016\/wp-content\/uploads\/sites\/8\/2013\/06\/variacije-na-pocasnost-predstava_urska-boljkovac-28-mala.jpg\"><img loading=\"lazy\" decoding=\"async\" class=\"alignnone wp-image-3182\" src=\"http:\/\/www.cofestival.si\/2016\/wp-content\/uploads\/sites\/8\/2013\/06\/variacije-na-pocasnost-predstava_urska-boljkovac-28-mala-1024x683.jpg\" alt=\"variacije-na-pocasnost-predstava_urska-boljkovac-28-mala\" width=\"255\" height=\"170\" srcset=\"http:\/\/www.cofestival.si\/2016\/wp-content\/uploads\/sites\/8\/2013\/06\/variacije-na-pocasnost-predstava_urska-boljkovac-28-mala-1024x683.jpg 1024w, http:\/\/www.cofestival.si\/2016\/wp-content\/uploads\/sites\/8\/2013\/06\/variacije-na-pocasnost-predstava_urska-boljkovac-28-mala-300x200.jpg 300w, http:\/\/www.cofestival.si\/2016\/wp-content\/uploads\/sites\/8\/2013\/06\/variacije-na-pocasnost-predstava_urska-boljkovac-28-mala-768x512.jpg 768w, http:\/\/www.cofestival.si\/2016\/wp-content\/uploads\/sites\/8\/2013\/06\/variacije-na-pocasnost-predstava_urska-boljkovac-28-mala.jpg 1200w\" sizes=\"auto, (max-width: 255px) 100vw, 255px\" \/><\/a>\u00a0\u00a0\u00a0<a href=\"http:\/\/www.cofestival.si\/2016\/wp-content\/uploads\/sites\/8\/2013\/06\/variacije-na-pocasnost-predstava_urska-boljkovac-30-mala.jpg\"><img loading=\"lazy\" decoding=\"async\" class=\"alignnone wp-image-3183\" src=\"http:\/\/www.cofestival.si\/2016\/wp-content\/uploads\/sites\/8\/2013\/06\/variacije-na-pocasnost-predstava_urska-boljkovac-30-mala-1024x683.jpg\" alt=\"variacije-na-pocasnost-predstava_urska-boljkovac-30-mala\" width=\"254\" height=\"170\" srcset=\"http:\/\/www.cofestival.si\/2016\/wp-content\/uploads\/sites\/8\/2013\/06\/variacije-na-pocasnost-predstava_urska-boljkovac-30-mala-1024x683.jpg 1024w, http:\/\/www.cofestival.si\/2016\/wp-content\/uploads\/sites\/8\/2013\/06\/variacije-na-pocasnost-predstava_urska-boljkovac-30-mala-300x200.jpg 300w, http:\/\/www.cofestival.si\/2016\/wp-content\/uploads\/sites\/8\/2013\/06\/variacije-na-pocasnost-predstava_urska-boljkovac-30-mala-768x512.jpg 768w, http:\/\/www.cofestival.si\/2016\/wp-content\/uploads\/sites\/8\/2013\/06\/variacije-na-pocasnost-predstava_urska-boljkovac-30-mala.jpg 1200w\" sizes=\"auto, (max-width: 254px) 100vw, 254px\" \/><\/a><\/p>\n<p><strong><a href=\"https:\/\/www.facebook.com\/pg\/cofestivaldance\/photos\/?tab=album&amp;album_id=1164659543649667\">More photos&gt;<\/a><\/strong><br \/>\nPhoto: Ur\u0161ka Boljkovac<\/p>\n<hr \/>\n<h2><a href=\"http:\/\/www.cofestival.si\/2016\/blog\/2016\/11\/10\/kognitarci-in-semiokapital\/\" target=\"_blank\">Franco Berardi Bifo: Cognitarians and Semiocapital (27.11.2016)<\/a><\/h2>\n<p><a href=\"http:\/\/www.cofestival.si\/2016\/wp-content\/uploads\/sites\/8\/2016\/11\/franco-berardi-bifo-predstavitev-maska_urska-boljkovac-3-mala.jpg\"><img loading=\"lazy\" decoding=\"async\" class=\"alignnone wp-image-3260\" src=\"http:\/\/www.cofestival.si\/2016\/wp-content\/uploads\/sites\/8\/2016\/11\/franco-berardi-bifo-predstavitev-maska_urska-boljkovac-3-mala-1024x683.jpg\" alt=\"franco-berardi-bifo-predstavitev-maska_urska-boljkovac-3-mala\" width=\"255\" height=\"170\" srcset=\"http:\/\/www.cofestival.si\/2016\/wp-content\/uploads\/sites\/8\/2016\/11\/franco-berardi-bifo-predstavitev-maska_urska-boljkovac-3-mala-1024x683.jpg 1024w, http:\/\/www.cofestival.si\/2016\/wp-content\/uploads\/sites\/8\/2016\/11\/franco-berardi-bifo-predstavitev-maska_urska-boljkovac-3-mala-300x200.jpg 300w, http:\/\/www.cofestival.si\/2016\/wp-content\/uploads\/sites\/8\/2016\/11\/franco-berardi-bifo-predstavitev-maska_urska-boljkovac-3-mala-768x512.jpg 768w, http:\/\/www.cofestival.si\/2016\/wp-content\/uploads\/sites\/8\/2016\/11\/franco-berardi-bifo-predstavitev-maska_urska-boljkovac-3-mala.jpg 1200w\" sizes=\"auto, (max-width: 255px) 100vw, 255px\" \/><\/a>\u00a0 \u00a0<a href=\"http:\/\/www.cofestival.si\/2016\/wp-content\/uploads\/sites\/8\/2016\/11\/franco-berardi-bifo-predstavitev-maska_urska-boljkovac-10-mala.jpg\"><img loading=\"lazy\" decoding=\"async\" class=\"alignnone wp-image-3261\" src=\"http:\/\/www.cofestival.si\/2016\/wp-content\/uploads\/sites\/8\/2016\/11\/franco-berardi-bifo-predstavitev-maska_urska-boljkovac-10-mala-1024x683.jpg\" alt=\"franco-berardi-bifo-predstavitev-maska_urska-boljkovac-10-mala\" width=\"255\" height=\"170\" srcset=\"http:\/\/www.cofestival.si\/2016\/wp-content\/uploads\/sites\/8\/2016\/11\/franco-berardi-bifo-predstavitev-maska_urska-boljkovac-10-mala-1024x683.jpg 1024w, http:\/\/www.cofestival.si\/2016\/wp-content\/uploads\/sites\/8\/2016\/11\/franco-berardi-bifo-predstavitev-maska_urska-boljkovac-10-mala-300x200.jpg 300w, http:\/\/www.cofestival.si\/2016\/wp-content\/uploads\/sites\/8\/2016\/11\/franco-berardi-bifo-predstavitev-maska_urska-boljkovac-10-mala-768x512.jpg 768w, http:\/\/www.cofestival.si\/2016\/wp-content\/uploads\/sites\/8\/2016\/11\/franco-berardi-bifo-predstavitev-maska_urska-boljkovac-10-mala.jpg 1200w\" sizes=\"auto, (max-width: 255px) 100vw, 255px\" \/><\/a><\/p>\n<p><a href=\"http:\/\/www.cofestival.si\/2016\/wp-content\/uploads\/sites\/8\/2016\/11\/franco-berardi-bifo-predstavitev-maska_urska-boljkovac-7-mala.jpg\"><img loading=\"lazy\" decoding=\"async\" class=\"alignnone wp-image-3258\" src=\"http:\/\/www.cofestival.si\/2016\/wp-content\/uploads\/sites\/8\/2016\/11\/franco-berardi-bifo-predstavitev-maska_urska-boljkovac-7-mala-1024x683.jpg\" alt=\"franco-berardi-bifo-predstavitev-maska_urska-boljkovac-7-mala\" width=\"255\" height=\"170\" srcset=\"http:\/\/www.cofestival.si\/2016\/wp-content\/uploads\/sites\/8\/2016\/11\/franco-berardi-bifo-predstavitev-maska_urska-boljkovac-7-mala-1024x683.jpg 1024w, http:\/\/www.cofestival.si\/2016\/wp-content\/uploads\/sites\/8\/2016\/11\/franco-berardi-bifo-predstavitev-maska_urska-boljkovac-7-mala-300x200.jpg 300w, http:\/\/www.cofestival.si\/2016\/wp-content\/uploads\/sites\/8\/2016\/11\/franco-berardi-bifo-predstavitev-maska_urska-boljkovac-7-mala-768x512.jpg 768w, http:\/\/www.cofestival.si\/2016\/wp-content\/uploads\/sites\/8\/2016\/11\/franco-berardi-bifo-predstavitev-maska_urska-boljkovac-7-mala.jpg 1200w\" sizes=\"auto, (max-width: 255px) 100vw, 255px\" \/><\/a>\u00a0 \u00a0<a href=\"http:\/\/www.cofestival.si\/2016\/wp-content\/uploads\/sites\/8\/2016\/11\/franco-berardi-bifo-predstavitev-maska_urska-boljkovac-1-mala.jpg\"><img loading=\"lazy\" decoding=\"async\" class=\"alignnone wp-image-3259\" src=\"http:\/\/www.cofestival.si\/2016\/wp-content\/uploads\/sites\/8\/2016\/11\/franco-berardi-bifo-predstavitev-maska_urska-boljkovac-1-mala-1024x683.jpg\" alt=\"franco-berardi-bifo-predstavitev-maska_urska-boljkovac-1-mala\" width=\"255\" height=\"170\" srcset=\"http:\/\/www.cofestival.si\/2016\/wp-content\/uploads\/sites\/8\/2016\/11\/franco-berardi-bifo-predstavitev-maska_urska-boljkovac-1-mala-1024x683.jpg 1024w, http:\/\/www.cofestival.si\/2016\/wp-content\/uploads\/sites\/8\/2016\/11\/franco-berardi-bifo-predstavitev-maska_urska-boljkovac-1-mala-300x200.jpg 300w, http:\/\/www.cofestival.si\/2016\/wp-content\/uploads\/sites\/8\/2016\/11\/franco-berardi-bifo-predstavitev-maska_urska-boljkovac-1-mala-768x512.jpg 768w, http:\/\/www.cofestival.si\/2016\/wp-content\/uploads\/sites\/8\/2016\/11\/franco-berardi-bifo-predstavitev-maska_urska-boljkovac-1-mala.jpg 1200w\" sizes=\"auto, (max-width: 255px) 100vw, 255px\" \/><br \/>\n<\/a>Photo: Ur\u0161ka Boljkovac<\/p>\n<div>\n<hr \/>\n<h2><a href=\"http:\/\/www.cofestival.si\/2016\/blog\/2016\/10\/28\/guy-cools-imaginative-bodies\/\" target=\"_blank\">Guy Cools: Imaginative Bodies (27.11.2016)<\/a><\/h2>\n<p><a href=\"http:\/\/www.cofestival.si\/2016\/wp-content\/uploads\/sites\/8\/2016\/11\/guy-cools-imaginative-bodies_urska-boljkovac-1-mala.jpg\"><img loading=\"lazy\" decoding=\"async\" class=\"alignnone wp-image-3266\" src=\"http:\/\/www.cofestival.si\/2016\/wp-content\/uploads\/sites\/8\/2016\/11\/guy-cools-imaginative-bodies_urska-boljkovac-1-mala-1024x683.jpg\" alt=\"guy-cools-imaginative-bodies_urska-boljkovac-1-mala\" width=\"255\" height=\"170\" srcset=\"http:\/\/www.cofestival.si\/2016\/wp-content\/uploads\/sites\/8\/2016\/11\/guy-cools-imaginative-bodies_urska-boljkovac-1-mala-1024x683.jpg 1024w, http:\/\/www.cofestival.si\/2016\/wp-content\/uploads\/sites\/8\/2016\/11\/guy-cools-imaginative-bodies_urska-boljkovac-1-mala-300x200.jpg 300w, http:\/\/www.cofestival.si\/2016\/wp-content\/uploads\/sites\/8\/2016\/11\/guy-cools-imaginative-bodies_urska-boljkovac-1-mala-768x512.jpg 768w, http:\/\/www.cofestival.si\/2016\/wp-content\/uploads\/sites\/8\/2016\/11\/guy-cools-imaginative-bodies_urska-boljkovac-1-mala.jpg 1200w\" sizes=\"auto, (max-width: 255px) 100vw, 255px\" \/><\/a>\u00a0 \u00a0<a href=\"http:\/\/www.cofestival.si\/2016\/wp-content\/uploads\/sites\/8\/2016\/11\/guy-cools-imaginative-bodies_urska-boljkovac-10-mala.jpg\"><img loading=\"lazy\" decoding=\"async\" class=\"alignnone wp-image-3265\" src=\"http:\/\/www.cofestival.si\/2016\/wp-content\/uploads\/sites\/8\/2016\/11\/guy-cools-imaginative-bodies_urska-boljkovac-10-mala-1024x683.jpg\" alt=\"guy-cools-imaginative-bodies_urska-boljkovac-10-mala\" width=\"255\" height=\"170\" srcset=\"http:\/\/www.cofestival.si\/2016\/wp-content\/uploads\/sites\/8\/2016\/11\/guy-cools-imaginative-bodies_urska-boljkovac-10-mala-1024x683.jpg 1024w, http:\/\/www.cofestival.si\/2016\/wp-content\/uploads\/sites\/8\/2016\/11\/guy-cools-imaginative-bodies_urska-boljkovac-10-mala-300x200.jpg 300w, http:\/\/www.cofestival.si\/2016\/wp-content\/uploads\/sites\/8\/2016\/11\/guy-cools-imaginative-bodies_urska-boljkovac-10-mala-768x512.jpg 768w, http:\/\/www.cofestival.si\/2016\/wp-content\/uploads\/sites\/8\/2016\/11\/guy-cools-imaginative-bodies_urska-boljkovac-10-mala.jpg 1200w\" sizes=\"auto, (max-width: 255px) 100vw, 255px\" \/><\/a><\/p>\n<p><a href=\"http:\/\/www.cofestival.si\/2016\/wp-content\/uploads\/sites\/8\/2016\/11\/guy-cools-imaginative-bodies_urska-boljkovac-4-mala.jpg\"><img loading=\"lazy\" decoding=\"async\" class=\"alignnone wp-image-3267\" src=\"http:\/\/www.cofestival.si\/2016\/wp-content\/uploads\/sites\/8\/2016\/11\/guy-cools-imaginative-bodies_urska-boljkovac-4-mala-1024x683.jpg\" alt=\"guy-cools-imaginative-bodies_urska-boljkovac-4-mala\" width=\"255\" height=\"170\" srcset=\"http:\/\/www.cofestival.si\/2016\/wp-content\/uploads\/sites\/8\/2016\/11\/guy-cools-imaginative-bodies_urska-boljkovac-4-mala-1024x683.jpg 1024w, http:\/\/www.cofestival.si\/2016\/wp-content\/uploads\/sites\/8\/2016\/11\/guy-cools-imaginative-bodies_urska-boljkovac-4-mala-300x200.jpg 300w, http:\/\/www.cofestival.si\/2016\/wp-content\/uploads\/sites\/8\/2016\/11\/guy-cools-imaginative-bodies_urska-boljkovac-4-mala-768x512.jpg 768w, http:\/\/www.cofestival.si\/2016\/wp-content\/uploads\/sites\/8\/2016\/11\/guy-cools-imaginative-bodies_urska-boljkovac-4-mala.jpg 1200w\" sizes=\"auto, (max-width: 255px) 100vw, 255px\" \/><\/a>\u00a0 \u00a0<a href=\"http:\/\/www.cofestival.si\/2016\/wp-content\/uploads\/sites\/8\/2016\/11\/guy-cools-imaginative-bodies_urska-boljkovac-9-mala.jpg\"><img loading=\"lazy\" decoding=\"async\" class=\"alignnone wp-image-3270\" src=\"http:\/\/www.cofestival.si\/2016\/wp-content\/uploads\/sites\/8\/2016\/11\/guy-cools-imaginative-bodies_urska-boljkovac-9-mala-1024x683.jpg\" alt=\"guy-cools-imaginative-bodies_urska-boljkovac-9-mala\" width=\"255\" height=\"170\" srcset=\"http:\/\/www.cofestival.si\/2016\/wp-content\/uploads\/sites\/8\/2016\/11\/guy-cools-imaginative-bodies_urska-boljkovac-9-mala-1024x683.jpg 1024w, http:\/\/www.cofestival.si\/2016\/wp-content\/uploads\/sites\/8\/2016\/11\/guy-cools-imaginative-bodies_urska-boljkovac-9-mala-300x200.jpg 300w, http:\/\/www.cofestival.si\/2016\/wp-content\/uploads\/sites\/8\/2016\/11\/guy-cools-imaginative-bodies_urska-boljkovac-9-mala-768x512.jpg 768w, http:\/\/www.cofestival.si\/2016\/wp-content\/uploads\/sites\/8\/2016\/11\/guy-cools-imaginative-bodies_urska-boljkovac-9-mala.jpg 1200w\" sizes=\"auto, (max-width: 255px) 100vw, 255px\" \/><br \/>\n<\/a>Photo: Ur\u0161ka Boljkovac<\/p>\n<\/div>\n<div>\n<hr \/>\n<h2><a href=\"http:\/\/www.cofestival.si\/2016\/blog\/2016\/10\/28\/igor-koruga-ana-dubljevic-samo-moje\/\" target=\"_blank\">Igor Koruga &amp; Ana Dubljevi\u0107: Only Mine Alone, (27.11.2016)<\/a><\/h2>\n<p><a href=\"http:\/\/www.cofestival.si\/2016\/wp-content\/uploads\/sites\/8\/2013\/06\/igor-koruga-ana-dubljevic-samo-moje_urska-boljkovac-1-mala.jpg\"><img loading=\"lazy\" decoding=\"async\" class=\"alignnone wp-image-3201\" src=\"http:\/\/www.cofestival.si\/2016\/wp-content\/uploads\/sites\/8\/2013\/06\/igor-koruga-ana-dubljevic-samo-moje_urska-boljkovac-1-mala-1024x683.jpg\" alt=\"igor-koruga-ana-dubljevic-samo-moje_urska-boljkovac-1-mala\" width=\"255\" height=\"170\" srcset=\"http:\/\/www.cofestival.si\/2016\/wp-content\/uploads\/sites\/8\/2013\/06\/igor-koruga-ana-dubljevic-samo-moje_urska-boljkovac-1-mala-1024x683.jpg 1024w, http:\/\/www.cofestival.si\/2016\/wp-content\/uploads\/sites\/8\/2013\/06\/igor-koruga-ana-dubljevic-samo-moje_urska-boljkovac-1-mala-300x200.jpg 300w, http:\/\/www.cofestival.si\/2016\/wp-content\/uploads\/sites\/8\/2013\/06\/igor-koruga-ana-dubljevic-samo-moje_urska-boljkovac-1-mala-768x512.jpg 768w, http:\/\/www.cofestival.si\/2016\/wp-content\/uploads\/sites\/8\/2013\/06\/igor-koruga-ana-dubljevic-samo-moje_urska-boljkovac-1-mala.jpg 1200w\" sizes=\"auto, (max-width: 255px) 100vw, 255px\" \/><\/a>\u00a0 \u00a0<a href=\"http:\/\/www.cofestival.si\/2016\/wp-content\/uploads\/sites\/8\/2013\/06\/igor-koruga-ana-dubljevic-samo-moje_urska-boljkovac-17-mala.jpg\"><img loading=\"lazy\" decoding=\"async\" class=\"alignnone wp-image-3200\" src=\"http:\/\/www.cofestival.si\/2016\/wp-content\/uploads\/sites\/8\/2013\/06\/igor-koruga-ana-dubljevic-samo-moje_urska-boljkovac-17-mala-1024x683.jpg\" alt=\"igor-koruga-ana-dubljevic-samo-moje_urska-boljkovac-17-mala\" width=\"255\" height=\"170\" srcset=\"http:\/\/www.cofestival.si\/2016\/wp-content\/uploads\/sites\/8\/2013\/06\/igor-koruga-ana-dubljevic-samo-moje_urska-boljkovac-17-mala-1024x683.jpg 1024w, http:\/\/www.cofestival.si\/2016\/wp-content\/uploads\/sites\/8\/2013\/06\/igor-koruga-ana-dubljevic-samo-moje_urska-boljkovac-17-mala-300x200.jpg 300w, http:\/\/www.cofestival.si\/2016\/wp-content\/uploads\/sites\/8\/2013\/06\/igor-koruga-ana-dubljevic-samo-moje_urska-boljkovac-17-mala-768x512.jpg 768w, http:\/\/www.cofestival.si\/2016\/wp-content\/uploads\/sites\/8\/2013\/06\/igor-koruga-ana-dubljevic-samo-moje_urska-boljkovac-17-mala.jpg 1200w\" sizes=\"auto, (max-width: 255px) 100vw, 255px\" \/><\/a><\/p>\n<p><a href=\"http:\/\/www.cofestival.si\/2016\/wp-content\/uploads\/sites\/8\/2013\/06\/igor-koruga-ana-dubljevic-samo-moje_urska-boljkovac-8-mala.jpg\"><img loading=\"lazy\" decoding=\"async\" class=\"alignnone wp-image-3199\" src=\"http:\/\/www.cofestival.si\/2016\/wp-content\/uploads\/sites\/8\/2013\/06\/igor-koruga-ana-dubljevic-samo-moje_urska-boljkovac-8-mala-1024x683.jpg\" alt=\"igor-koruga-ana-dubljevic-samo-moje_urska-boljkovac-8-mala\" width=\"255\" height=\"170\" srcset=\"http:\/\/www.cofestival.si\/2016\/wp-content\/uploads\/sites\/8\/2013\/06\/igor-koruga-ana-dubljevic-samo-moje_urska-boljkovac-8-mala-1024x683.jpg 1024w, http:\/\/www.cofestival.si\/2016\/wp-content\/uploads\/sites\/8\/2013\/06\/igor-koruga-ana-dubljevic-samo-moje_urska-boljkovac-8-mala-300x200.jpg 300w, http:\/\/www.cofestival.si\/2016\/wp-content\/uploads\/sites\/8\/2013\/06\/igor-koruga-ana-dubljevic-samo-moje_urska-boljkovac-8-mala-768x512.jpg 768w, http:\/\/www.cofestival.si\/2016\/wp-content\/uploads\/sites\/8\/2013\/06\/igor-koruga-ana-dubljevic-samo-moje_urska-boljkovac-8-mala.jpg 1200w\" sizes=\"auto, (max-width: 255px) 100vw, 255px\" \/><\/a>\u00a0 \u00a0<a href=\"http:\/\/www.cofestival.si\/2016\/wp-content\/uploads\/sites\/8\/2013\/06\/igor-koruga-ana-dubljevic-samo-moje_urska-boljkovac-6-mala.jpg\"><img loading=\"lazy\" decoding=\"async\" class=\"alignnone wp-image-3198\" src=\"http:\/\/www.cofestival.si\/2016\/wp-content\/uploads\/sites\/8\/2013\/06\/igor-koruga-ana-dubljevic-samo-moje_urska-boljkovac-6-mala-1024x683.jpg\" alt=\"igor-koruga-ana-dubljevic-samo-moje_urska-boljkovac-6-mala\" width=\"255\" height=\"170\" srcset=\"http:\/\/www.cofestival.si\/2016\/wp-content\/uploads\/sites\/8\/2013\/06\/igor-koruga-ana-dubljevic-samo-moje_urska-boljkovac-6-mala-1024x683.jpg 1024w, http:\/\/www.cofestival.si\/2016\/wp-content\/uploads\/sites\/8\/2013\/06\/igor-koruga-ana-dubljevic-samo-moje_urska-boljkovac-6-mala-300x200.jpg 300w, http:\/\/www.cofestival.si\/2016\/wp-content\/uploads\/sites\/8\/2013\/06\/igor-koruga-ana-dubljevic-samo-moje_urska-boljkovac-6-mala-768x512.jpg 768w, http:\/\/www.cofestival.si\/2016\/wp-content\/uploads\/sites\/8\/2013\/06\/igor-koruga-ana-dubljevic-samo-moje_urska-boljkovac-6-mala.jpg 1200w\" sizes=\"auto, (max-width: 255px) 100vw, 255px\" \/><br \/>\n<\/a><\/p>\n<p><a href=\"https:\/\/www.facebook.com\/#!\/cofestivaldance\/photos\/?tab=album&amp;album_id=1165805616868393\" target=\"_blank\"><strong>More photos&gt;<\/strong><\/a><br \/>\nPhoto: Ur\u0161ka Boljkovac<\/p>\n<hr \/>\n<h2><a href=\"http:\/\/www.cofestival.si\/2016\/blog\/2016\/11\/09\/nomad-dance-institute-arhiviranje-koreografskih-praks\/\" target=\"_blank\">Nomad Dance Academy: Archiving Choreographic Practice (28.-30.11.2016)<\/a><\/h2>\n<p><a href=\"http:\/\/www.cofestival.si\/2016\/wp-content\/uploads\/sites\/8\/2013\/06\/nomad-dance-institute-arhiviranje-koreografskih-praks_urska-boljkovac-9-mala2.jpg\"><img loading=\"lazy\" decoding=\"async\" class=\"alignnone wp-image-3289\" src=\"http:\/\/www.cofestival.si\/2016\/wp-content\/uploads\/sites\/8\/2013\/06\/nomad-dance-institute-arhiviranje-koreografskih-praks_urska-boljkovac-9-mala2-1024x683.jpg\" alt=\"nomad-dance-institute-arhiviranje-koreografskih-praks_urska-boljkovac-9-mala2\" width=\"255\" height=\"170\" srcset=\"http:\/\/www.cofestival.si\/2016\/wp-content\/uploads\/sites\/8\/2013\/06\/nomad-dance-institute-arhiviranje-koreografskih-praks_urska-boljkovac-9-mala2-1024x683.jpg 1024w, http:\/\/www.cofestival.si\/2016\/wp-content\/uploads\/sites\/8\/2013\/06\/nomad-dance-institute-arhiviranje-koreografskih-praks_urska-boljkovac-9-mala2-300x200.jpg 300w, http:\/\/www.cofestival.si\/2016\/wp-content\/uploads\/sites\/8\/2013\/06\/nomad-dance-institute-arhiviranje-koreografskih-praks_urska-boljkovac-9-mala2-768x512.jpg 768w, http:\/\/www.cofestival.si\/2016\/wp-content\/uploads\/sites\/8\/2013\/06\/nomad-dance-institute-arhiviranje-koreografskih-praks_urska-boljkovac-9-mala2.jpg 1200w\" sizes=\"auto, (max-width: 255px) 100vw, 255px\" \/><\/a>\u00a0 \u00a0<a href=\"http:\/\/www.cofestival.si\/2016\/wp-content\/uploads\/sites\/8\/2016\/11\/nomad-dance-institute-arhiviranje-koreografskih-praks_urska-boljkovac-11-mala.jpg\"><img loading=\"lazy\" decoding=\"async\" class=\"alignnone wp-image-3291\" src=\"http:\/\/www.cofestival.si\/2016\/wp-content\/uploads\/sites\/8\/2016\/11\/nomad-dance-institute-arhiviranje-koreografskih-praks_urska-boljkovac-11-mala-1024x683.jpg\" alt=\"nomad-dance-institute-arhiviranje-koreografskih-praks_urska-boljkovac-11-mala\" width=\"255\" height=\"170\" srcset=\"http:\/\/www.cofestival.si\/2016\/wp-content\/uploads\/sites\/8\/2016\/11\/nomad-dance-institute-arhiviranje-koreografskih-praks_urska-boljkovac-11-mala-1024x683.jpg 1024w, http:\/\/www.cofestival.si\/2016\/wp-content\/uploads\/sites\/8\/2016\/11\/nomad-dance-institute-arhiviranje-koreografskih-praks_urska-boljkovac-11-mala-300x200.jpg 300w, http:\/\/www.cofestival.si\/2016\/wp-content\/uploads\/sites\/8\/2016\/11\/nomad-dance-institute-arhiviranje-koreografskih-praks_urska-boljkovac-11-mala-768x512.jpg 768w, http:\/\/www.cofestival.si\/2016\/wp-content\/uploads\/sites\/8\/2016\/11\/nomad-dance-institute-arhiviranje-koreografskih-praks_urska-boljkovac-11-mala.jpg 1200w\" sizes=\"auto, (max-width: 255px) 100vw, 255px\" \/><\/a><\/p>\n<p><a href=\"http:\/\/www.cofestival.si\/2016\/wp-content\/uploads\/sites\/8\/2016\/11\/nomad-dance-institute-arhiviranje-koreografskih-praks_urska-boljkovac-1-mala.jpg\"><img loading=\"lazy\" decoding=\"async\" class=\"alignnone wp-image-3292\" src=\"http:\/\/www.cofestival.si\/2016\/wp-content\/uploads\/sites\/8\/2016\/11\/nomad-dance-institute-arhiviranje-koreografskih-praks_urska-boljkovac-1-mala-1024x683.jpg\" alt=\"nomad-dance-institute-arhiviranje-koreografskih-praks_urska-boljkovac-1-mala\" width=\"255\" height=\"170\" srcset=\"http:\/\/www.cofestival.si\/2016\/wp-content\/uploads\/sites\/8\/2016\/11\/nomad-dance-institute-arhiviranje-koreografskih-praks_urska-boljkovac-1-mala-1024x683.jpg 1024w, http:\/\/www.cofestival.si\/2016\/wp-content\/uploads\/sites\/8\/2016\/11\/nomad-dance-institute-arhiviranje-koreografskih-praks_urska-boljkovac-1-mala-300x200.jpg 300w, http:\/\/www.cofestival.si\/2016\/wp-content\/uploads\/sites\/8\/2016\/11\/nomad-dance-institute-arhiviranje-koreografskih-praks_urska-boljkovac-1-mala-768x512.jpg 768w, http:\/\/www.cofestival.si\/2016\/wp-content\/uploads\/sites\/8\/2016\/11\/nomad-dance-institute-arhiviranje-koreografskih-praks_urska-boljkovac-1-mala.jpg 1200w\" sizes=\"auto, (max-width: 255px) 100vw, 255px\" \/><\/a>\u00a0 \u00a0<a href=\"http:\/\/www.cofestival.si\/2016\/wp-content\/uploads\/sites\/8\/2016\/11\/nomad-dance-institute-arhiviranje-koreografskih-praks_urska-boljkovac-10-mala.jpg\"><img loading=\"lazy\" decoding=\"async\" class=\"alignnone wp-image-3295\" src=\"http:\/\/www.cofestival.si\/2016\/wp-content\/uploads\/sites\/8\/2016\/11\/nomad-dance-institute-arhiviranje-koreografskih-praks_urska-boljkovac-10-mala-1024x683.jpg\" alt=\"nomad-dance-institute-arhiviranje-koreografskih-praks_urska-boljkovac-10-mala\" width=\"255\" height=\"170\" srcset=\"http:\/\/www.cofestival.si\/2016\/wp-content\/uploads\/sites\/8\/2016\/11\/nomad-dance-institute-arhiviranje-koreografskih-praks_urska-boljkovac-10-mala-1024x683.jpg 1024w, http:\/\/www.cofestival.si\/2016\/wp-content\/uploads\/sites\/8\/2016\/11\/nomad-dance-institute-arhiviranje-koreografskih-praks_urska-boljkovac-10-mala-300x200.jpg 300w, http:\/\/www.cofestival.si\/2016\/wp-content\/uploads\/sites\/8\/2016\/11\/nomad-dance-institute-arhiviranje-koreografskih-praks_urska-boljkovac-10-mala-768x512.jpg 768w, http:\/\/www.cofestival.si\/2016\/wp-content\/uploads\/sites\/8\/2016\/11\/nomad-dance-institute-arhiviranje-koreografskih-praks_urska-boljkovac-10-mala.jpg 1200w\" sizes=\"auto, (max-width: 255px) 100vw, 255px\" \/><\/a><\/p>\n<p><a href=\"https:\/\/www.facebook.com\/#!\/cofestivaldance\/photos\/?tab=album&amp;album_id=1167873606661594\"><strong>More photos&gt;<\/strong><\/a><br \/>\nPhoto: Ur\u0161ka Boljkovac<\/p>\n<div>\n<div>\n<div>\n<div>\n<hr \/>\n<h2><a href=\"http:\/\/www.cofestival.si\/2016\/blog\/2016\/10\/25\/darko-dragicevic-martin-sonderkamp-extensions-1\/\" target=\"_blank\">Darko Dragi\u010devi\u0107 &amp; Martin Sonderkamp: Extensions #1 (28.11-2.12.2016)<\/a><\/h2>\n<p><a href=\"http:\/\/www.cofestival.si\/2016\/wp-content\/uploads\/sites\/8\/2013\/06\/workshop-marko-and-drago_urska-boljkovac-9-mala.jpg\"><img loading=\"lazy\" decoding=\"async\" class=\"alignnone wp-image-3356\" src=\"http:\/\/www.cofestival.si\/2016\/wp-content\/uploads\/sites\/8\/2013\/06\/workshop-marko-and-drago_urska-boljkovac-9-mala-1024x678.jpg\" alt=\"workshop-marko-and-drago_urska-boljkovac-9-mala\" width=\"256\" height=\"169\" srcset=\"http:\/\/www.cofestival.si\/2016\/wp-content\/uploads\/sites\/8\/2013\/06\/workshop-marko-and-drago_urska-boljkovac-9-mala-1024x678.jpg 1024w, http:\/\/www.cofestival.si\/2016\/wp-content\/uploads\/sites\/8\/2013\/06\/workshop-marko-and-drago_urska-boljkovac-9-mala-300x199.jpg 300w, http:\/\/www.cofestival.si\/2016\/wp-content\/uploads\/sites\/8\/2013\/06\/workshop-marko-and-drago_urska-boljkovac-9-mala-768x508.jpg 768w, http:\/\/www.cofestival.si\/2016\/wp-content\/uploads\/sites\/8\/2013\/06\/workshop-marko-and-drago_urska-boljkovac-9-mala.jpg 1200w\" sizes=\"auto, (max-width: 256px) 100vw, 256px\" \/><\/a>\u00a0 \u00a0<a href=\"http:\/\/www.cofestival.si\/2016\/wp-content\/uploads\/sites\/8\/2013\/06\/workshop-marko-and-drago_urska-boljkovac-1-mala.jpg\"><img loading=\"lazy\" decoding=\"async\" class=\"alignnone wp-image-3354\" src=\"http:\/\/www.cofestival.si\/2016\/wp-content\/uploads\/sites\/8\/2013\/06\/workshop-marko-and-drago_urska-boljkovac-1-mala-1024x683.jpg\" alt=\"workshop-marko-and-drago_urska-boljkovac-1-mala\" width=\"257\" height=\"171\" srcset=\"http:\/\/www.cofestival.si\/2016\/wp-content\/uploads\/sites\/8\/2013\/06\/workshop-marko-and-drago_urska-boljkovac-1-mala-1024x683.jpg 1024w, http:\/\/www.cofestival.si\/2016\/wp-content\/uploads\/sites\/8\/2013\/06\/workshop-marko-and-drago_urska-boljkovac-1-mala-300x200.jpg 300w, http:\/\/www.cofestival.si\/2016\/wp-content\/uploads\/sites\/8\/2013\/06\/workshop-marko-and-drago_urska-boljkovac-1-mala-768x512.jpg 768w, http:\/\/www.cofestival.si\/2016\/wp-content\/uploads\/sites\/8\/2013\/06\/workshop-marko-and-drago_urska-boljkovac-1-mala.jpg 1200w\" sizes=\"auto, (max-width: 257px) 100vw, 257px\" \/><\/a><\/p>\n<p><a href=\"http:\/\/www.cofestival.si\/2016\/wp-content\/uploads\/sites\/8\/2013\/06\/workshop-marko-and-drago_urska-boljkovac-10-mala.jpg\"><img loading=\"lazy\" decoding=\"async\" class=\"alignnone wp-image-3358\" src=\"http:\/\/www.cofestival.si\/2016\/wp-content\/uploads\/sites\/8\/2013\/06\/workshop-marko-and-drago_urska-boljkovac-10-mala-1024x683.jpg\" alt=\"workshop-marko-and-drago_urska-boljkovac-10-mala\" width=\"254\" height=\"169\" srcset=\"http:\/\/www.cofestival.si\/2016\/wp-content\/uploads\/sites\/8\/2013\/06\/workshop-marko-and-drago_urska-boljkovac-10-mala-1024x683.jpg 1024w, http:\/\/www.cofestival.si\/2016\/wp-content\/uploads\/sites\/8\/2013\/06\/workshop-marko-and-drago_urska-boljkovac-10-mala-300x200.jpg 300w, http:\/\/www.cofestival.si\/2016\/wp-content\/uploads\/sites\/8\/2013\/06\/workshop-marko-and-drago_urska-boljkovac-10-mala-768x512.jpg 768w, http:\/\/www.cofestival.si\/2016\/wp-content\/uploads\/sites\/8\/2013\/06\/workshop-marko-and-drago_urska-boljkovac-10-mala.jpg 1200w\" sizes=\"auto, (max-width: 254px) 100vw, 254px\" \/><\/a>\u00a0 \u00a0<a href=\"http:\/\/www.cofestival.si\/2016\/wp-content\/uploads\/sites\/8\/2013\/06\/workshop-marko-and-drago_urska-boljkovac-16-mala.jpg\"><img loading=\"lazy\" decoding=\"async\" class=\"alignnone wp-image-3360\" src=\"http:\/\/www.cofestival.si\/2016\/wp-content\/uploads\/sites\/8\/2013\/06\/workshop-marko-and-drago_urska-boljkovac-16-mala-1024x685.jpg\" alt=\"workshop-marko-and-drago_urska-boljkovac-16-mala\" width=\"254\" height=\"170\" srcset=\"http:\/\/www.cofestival.si\/2016\/wp-content\/uploads\/sites\/8\/2013\/06\/workshop-marko-and-drago_urska-boljkovac-16-mala-1024x685.jpg 1024w, http:\/\/www.cofestival.si\/2016\/wp-content\/uploads\/sites\/8\/2013\/06\/workshop-marko-and-drago_urska-boljkovac-16-mala-300x201.jpg 300w, http:\/\/www.cofestival.si\/2016\/wp-content\/uploads\/sites\/8\/2013\/06\/workshop-marko-and-drago_urska-boljkovac-16-mala-768x514.jpg 768w, http:\/\/www.cofestival.si\/2016\/wp-content\/uploads\/sites\/8\/2013\/06\/workshop-marko-and-drago_urska-boljkovac-16-mala.jpg 1200w\" sizes=\"auto, (max-width: 254px) 100vw, 254px\" \/><\/a><\/p>\n<p><a href=\"https:\/\/www.facebook.com\/cofestivaldance\/photos\/?tab=album&amp;album_id=1170163539765934\"><strong>More photos&gt;<\/strong><\/a><br \/>\nPhoto: Ur\u0161ka Boljkovac<\/p>\n<\/div>\n<\/div>\n<\/div>\n<\/div>\n<div>\n<hr \/>\n<h2>\u00a0<a href=\"http:\/\/www.cofestival.si\/2016\/blog\/2016\/10\/28\/roberta-milevoj-spet-roberta\/\" target=\"_blank\">Roberta Milevoj: Roberta Again (28.11.2016)<\/a><\/h2>\n<p><a href=\"http:\/\/www.cofestival.si\/2016\/wp-content\/uploads\/sites\/8\/2013\/06\/spet-roberta_urska-boljkovac-13-mala.jpg\"><img loading=\"lazy\" decoding=\"async\" class=\"alignnone wp-image-3280\" src=\"http:\/\/www.cofestival.si\/2016\/wp-content\/uploads\/sites\/8\/2013\/06\/spet-roberta_urska-boljkovac-13-mala-1024x683.jpg\" alt=\"spet-roberta_urska-boljkovac-13-mala\" width=\"255\" height=\"170\" srcset=\"http:\/\/www.cofestival.si\/2016\/wp-content\/uploads\/sites\/8\/2013\/06\/spet-roberta_urska-boljkovac-13-mala-1024x683.jpg 1024w, http:\/\/www.cofestival.si\/2016\/wp-content\/uploads\/sites\/8\/2013\/06\/spet-roberta_urska-boljkovac-13-mala-300x200.jpg 300w, http:\/\/www.cofestival.si\/2016\/wp-content\/uploads\/sites\/8\/2013\/06\/spet-roberta_urska-boljkovac-13-mala-768x512.jpg 768w, http:\/\/www.cofestival.si\/2016\/wp-content\/uploads\/sites\/8\/2013\/06\/spet-roberta_urska-boljkovac-13-mala.jpg 1200w\" sizes=\"auto, (max-width: 255px) 100vw, 255px\" \/><\/a>\u00a0 \u00a0<a href=\"http:\/\/www.cofestival.si\/2016\/wp-content\/uploads\/sites\/8\/2016\/11\/spet-roberta_urska-boljkovac-12-mala.jpg\"><img loading=\"lazy\" decoding=\"async\" class=\"alignnone wp-image-3279\" src=\"http:\/\/www.cofestival.si\/2016\/wp-content\/uploads\/sites\/8\/2016\/11\/spet-roberta_urska-boljkovac-12-mala-1024x683.jpg\" alt=\"spet-roberta_urska-boljkovac-12-mala\" width=\"255\" height=\"170\" srcset=\"http:\/\/www.cofestival.si\/2016\/wp-content\/uploads\/sites\/8\/2016\/11\/spet-roberta_urska-boljkovac-12-mala-1024x683.jpg 1024w, http:\/\/www.cofestival.si\/2016\/wp-content\/uploads\/sites\/8\/2016\/11\/spet-roberta_urska-boljkovac-12-mala-300x200.jpg 300w, http:\/\/www.cofestival.si\/2016\/wp-content\/uploads\/sites\/8\/2016\/11\/spet-roberta_urska-boljkovac-12-mala-768x512.jpg 768w, http:\/\/www.cofestival.si\/2016\/wp-content\/uploads\/sites\/8\/2016\/11\/spet-roberta_urska-boljkovac-12-mala.jpg 1200w\" sizes=\"auto, (max-width: 255px) 100vw, 255px\" \/><\/a><\/p>\n<p><a href=\"http:\/\/www.cofestival.si\/2016\/wp-content\/uploads\/sites\/8\/2016\/11\/spet-roberta_urska-boljkovac-10-mala.jpg\"><img loading=\"lazy\" decoding=\"async\" class=\"alignnone wp-image-3278\" src=\"http:\/\/www.cofestival.si\/2016\/wp-content\/uploads\/sites\/8\/2016\/11\/spet-roberta_urska-boljkovac-10-mala-1024x683.jpg\" alt=\"spet-roberta_urska-boljkovac-10-mala\" width=\"255\" height=\"170\" srcset=\"http:\/\/www.cofestival.si\/2016\/wp-content\/uploads\/sites\/8\/2016\/11\/spet-roberta_urska-boljkovac-10-mala-1024x683.jpg 1024w, http:\/\/www.cofestival.si\/2016\/wp-content\/uploads\/sites\/8\/2016\/11\/spet-roberta_urska-boljkovac-10-mala-300x200.jpg 300w, http:\/\/www.cofestival.si\/2016\/wp-content\/uploads\/sites\/8\/2016\/11\/spet-roberta_urska-boljkovac-10-mala-768x512.jpg 768w, http:\/\/www.cofestival.si\/2016\/wp-content\/uploads\/sites\/8\/2016\/11\/spet-roberta_urska-boljkovac-10-mala.jpg 1200w\" sizes=\"auto, (max-width: 255px) 100vw, 255px\" \/><\/a>\u00a0 \u00a0<a href=\"http:\/\/www.cofestival.si\/2016\/wp-content\/uploads\/sites\/8\/2016\/11\/spet-roberta_urska-boljkovac-5-mala.jpg\"><img loading=\"lazy\" decoding=\"async\" class=\"alignnone wp-image-3276\" src=\"http:\/\/www.cofestival.si\/2016\/wp-content\/uploads\/sites\/8\/2016\/11\/spet-roberta_urska-boljkovac-5-mala-1024x683.jpg\" alt=\"spet-roberta_urska-boljkovac-5-mala\" width=\"255\" height=\"170\" srcset=\"http:\/\/www.cofestival.si\/2016\/wp-content\/uploads\/sites\/8\/2016\/11\/spet-roberta_urska-boljkovac-5-mala-1024x683.jpg 1024w, http:\/\/www.cofestival.si\/2016\/wp-content\/uploads\/sites\/8\/2016\/11\/spet-roberta_urska-boljkovac-5-mala-300x200.jpg 300w, http:\/\/www.cofestival.si\/2016\/wp-content\/uploads\/sites\/8\/2016\/11\/spet-roberta_urska-boljkovac-5-mala-768x512.jpg 768w, http:\/\/www.cofestival.si\/2016\/wp-content\/uploads\/sites\/8\/2016\/11\/spet-roberta_urska-boljkovac-5-mala.jpg 1200w\" sizes=\"auto, (max-width: 255px) 100vw, 255px\" \/><\/a><\/p>\n<p><a href=\"https:\/\/www.facebook.com\/#!\/cofestivaldance\/photos\/?tab=album&amp;album_id=1166805283435093\"><strong>More photos&gt;<\/strong><\/a><br \/>\nPhoto: Ur\u0161ka Boljkovac<\/p>\n<div>\n<hr \/>\n<h2><a href=\"http:\/\/www.cofestival.si\/2016\/blog\/2016\/10\/28\/pieter-ampe-in-guilherme-garrido-se-te-prenasam\/\" target=\"_blank\">Pieter Ampe &amp; Guilherme Garrido: Still Standing You (29.11.2016)<\/a><\/h2>\n<p><a href=\"http:\/\/www.cofestival.si\/2016\/wp-content\/uploads\/sites\/8\/2013\/06\/pieter-ampe-in-guilherme-garrido_urska-boljkovac-3-mala.jpg\"><img loading=\"lazy\" decoding=\"async\" class=\"alignnone wp-image-3300\" src=\"http:\/\/www.cofestival.si\/2016\/wp-content\/uploads\/sites\/8\/2013\/06\/pieter-ampe-in-guilherme-garrido_urska-boljkovac-3-mala-1024x683.jpg\" alt=\"pieter-ampe-in-guilherme-garrido_urska-boljkovac-3-mala\" width=\"255\" height=\"170\" srcset=\"http:\/\/www.cofestival.si\/2016\/wp-content\/uploads\/sites\/8\/2013\/06\/pieter-ampe-in-guilherme-garrido_urska-boljkovac-3-mala-1024x683.jpg 1024w, http:\/\/www.cofestival.si\/2016\/wp-content\/uploads\/sites\/8\/2013\/06\/pieter-ampe-in-guilherme-garrido_urska-boljkovac-3-mala-300x200.jpg 300w, http:\/\/www.cofestival.si\/2016\/wp-content\/uploads\/sites\/8\/2013\/06\/pieter-ampe-in-guilherme-garrido_urska-boljkovac-3-mala-768x512.jpg 768w, http:\/\/www.cofestival.si\/2016\/wp-content\/uploads\/sites\/8\/2013\/06\/pieter-ampe-in-guilherme-garrido_urska-boljkovac-3-mala.jpg 1200w\" sizes=\"auto, (max-width: 255px) 100vw, 255px\" \/><\/a>\u00a0 \u00a0<a href=\"http:\/\/www.cofestival.si\/2016\/wp-content\/uploads\/sites\/8\/2013\/06\/pieter-ampe-in-guilherme-garrido_urska-boljkovac-7-mala.jpg\"><img loading=\"lazy\" decoding=\"async\" class=\"alignnone wp-image-3302\" src=\"http:\/\/www.cofestival.si\/2016\/wp-content\/uploads\/sites\/8\/2013\/06\/pieter-ampe-in-guilherme-garrido_urska-boljkovac-7-mala-1024x683.jpg\" alt=\"pieter-ampe-in-guilherme-garrido_urska-boljkovac-7-mala\" width=\"255\" height=\"170\" srcset=\"http:\/\/www.cofestival.si\/2016\/wp-content\/uploads\/sites\/8\/2013\/06\/pieter-ampe-in-guilherme-garrido_urska-boljkovac-7-mala-1024x683.jpg 1024w, http:\/\/www.cofestival.si\/2016\/wp-content\/uploads\/sites\/8\/2013\/06\/pieter-ampe-in-guilherme-garrido_urska-boljkovac-7-mala-300x200.jpg 300w, http:\/\/www.cofestival.si\/2016\/wp-content\/uploads\/sites\/8\/2013\/06\/pieter-ampe-in-guilherme-garrido_urska-boljkovac-7-mala-768x512.jpg 768w, http:\/\/www.cofestival.si\/2016\/wp-content\/uploads\/sites\/8\/2013\/06\/pieter-ampe-in-guilherme-garrido_urska-boljkovac-7-mala.jpg 1200w\" sizes=\"auto, (max-width: 255px) 100vw, 255px\" \/><\/a><\/p>\n<p><a href=\"http:\/\/www.cofestival.si\/2016\/wp-content\/uploads\/sites\/8\/2016\/11\/pieter-ampe-in-guilherme-garrido_urska-boljkovac-8-mala.jpg\"><img loading=\"lazy\" decoding=\"async\" class=\"alignnone wp-image-3304\" src=\"http:\/\/www.cofestival.si\/2016\/wp-content\/uploads\/sites\/8\/2016\/11\/pieter-ampe-in-guilherme-garrido_urska-boljkovac-8-mala-1024x683.jpg\" alt=\"pieter-ampe-in-guilherme-garrido_urska-boljkovac-8-mala\" width=\"255\" height=\"170\" srcset=\"http:\/\/www.cofestival.si\/2016\/wp-content\/uploads\/sites\/8\/2016\/11\/pieter-ampe-in-guilherme-garrido_urska-boljkovac-8-mala-1024x683.jpg 1024w, http:\/\/www.cofestival.si\/2016\/wp-content\/uploads\/sites\/8\/2016\/11\/pieter-ampe-in-guilherme-garrido_urska-boljkovac-8-mala-300x200.jpg 300w, http:\/\/www.cofestival.si\/2016\/wp-content\/uploads\/sites\/8\/2016\/11\/pieter-ampe-in-guilherme-garrido_urska-boljkovac-8-mala-768x512.jpg 768w, http:\/\/www.cofestival.si\/2016\/wp-content\/uploads\/sites\/8\/2016\/11\/pieter-ampe-in-guilherme-garrido_urska-boljkovac-8-mala.jpg 1200w\" sizes=\"auto, (max-width: 255px) 100vw, 255px\" \/><\/a>\u00a0 \u00a0<a href=\"http:\/\/www.cofestival.si\/2016\/wp-content\/uploads\/sites\/8\/2013\/06\/pieter-ampe-in-guilherme-garrido_urska-boljkovac-11-mala.jpg\"><img loading=\"lazy\" decoding=\"async\" class=\"alignnone wp-image-3308\" src=\"http:\/\/www.cofestival.si\/2016\/wp-content\/uploads\/sites\/8\/2013\/06\/pieter-ampe-in-guilherme-garrido_urska-boljkovac-11-mala-1024x683.jpg\" alt=\"pieter-ampe-in-guilherme-garrido_urska-boljkovac-11-mala\" width=\"255\" height=\"170\" srcset=\"http:\/\/www.cofestival.si\/2016\/wp-content\/uploads\/sites\/8\/2013\/06\/pieter-ampe-in-guilherme-garrido_urska-boljkovac-11-mala-1024x683.jpg 1024w, http:\/\/www.cofestival.si\/2016\/wp-content\/uploads\/sites\/8\/2013\/06\/pieter-ampe-in-guilherme-garrido_urska-boljkovac-11-mala-300x200.jpg 300w, http:\/\/www.cofestival.si\/2016\/wp-content\/uploads\/sites\/8\/2013\/06\/pieter-ampe-in-guilherme-garrido_urska-boljkovac-11-mala-768x512.jpg 768w, http:\/\/www.cofestival.si\/2016\/wp-content\/uploads\/sites\/8\/2013\/06\/pieter-ampe-in-guilherme-garrido_urska-boljkovac-11-mala.jpg 1200w\" sizes=\"auto, (max-width: 255px) 100vw, 255px\" \/><\/a><\/p>\n<p><a href=\"https:\/\/www.facebook.com\/#!\/cofestivaldance\/photos\/?tab=album&amp;album_id=1167889076660047\"><strong>More photos&gt;<\/strong><\/a><br \/>\nPhoto: Ur\u0161ka Boljkovac<\/p>\n<div>\n<hr \/>\n<h2><a href=\"http:\/\/www.cofestival.si\/2016\/blog\/2016\/10\/28\/albert-quesada-solo-na-bacha-glenna\/\" target=\"_blank\">Albert Quesada: Solo on Bach and Glenn (29.11.2016)<\/a><\/h2>\n<p><a href=\"http:\/\/www.cofestival.si\/2016\/wp-content\/uploads\/sites\/8\/2013\/06\/albert-quesada-solo-na-bacha-in-glenna_urska-boljkovac-4-mala2.jpg\"><img loading=\"lazy\" decoding=\"async\" class=\"alignnone wp-image-3312\" src=\"http:\/\/www.cofestival.si\/2016\/wp-content\/uploads\/sites\/8\/2013\/06\/albert-quesada-solo-na-bacha-in-glenna_urska-boljkovac-4-mala2-1024x683.jpg\" alt=\"albert-quesada-solo-na-bacha-in-glenna_urska-boljkovac-4-mala2\" width=\"255\" height=\"170\" srcset=\"http:\/\/www.cofestival.si\/2016\/wp-content\/uploads\/sites\/8\/2013\/06\/albert-quesada-solo-na-bacha-in-glenna_urska-boljkovac-4-mala2-1024x683.jpg 1024w, http:\/\/www.cofestival.si\/2016\/wp-content\/uploads\/sites\/8\/2013\/06\/albert-quesada-solo-na-bacha-in-glenna_urska-boljkovac-4-mala2-300x200.jpg 300w, http:\/\/www.cofestival.si\/2016\/wp-content\/uploads\/sites\/8\/2013\/06\/albert-quesada-solo-na-bacha-in-glenna_urska-boljkovac-4-mala2-768x512.jpg 768w, http:\/\/www.cofestival.si\/2016\/wp-content\/uploads\/sites\/8\/2013\/06\/albert-quesada-solo-na-bacha-in-glenna_urska-boljkovac-4-mala2.jpg 1200w\" sizes=\"auto, (max-width: 255px) 100vw, 255px\" \/><\/a>\u00a0 \u00a0<a href=\"http:\/\/www.cofestival.si\/2016\/wp-content\/uploads\/sites\/8\/2016\/11\/albert-quesada-solo-na-bacha-in-glenna_urska-boljkovac-8-mala.jpg\"><img loading=\"lazy\" decoding=\"async\" class=\"alignnone wp-image-3316\" src=\"http:\/\/www.cofestival.si\/2016\/wp-content\/uploads\/sites\/8\/2016\/11\/albert-quesada-solo-na-bacha-in-glenna_urska-boljkovac-8-mala-1024x683.jpg\" alt=\"albert-quesada-solo-na-bacha-in-glenna_urska-boljkovac-8-mala\" width=\"255\" height=\"170\" srcset=\"http:\/\/www.cofestival.si\/2016\/wp-content\/uploads\/sites\/8\/2016\/11\/albert-quesada-solo-na-bacha-in-glenna_urska-boljkovac-8-mala-1024x683.jpg 1024w, http:\/\/www.cofestival.si\/2016\/wp-content\/uploads\/sites\/8\/2016\/11\/albert-quesada-solo-na-bacha-in-glenna_urska-boljkovac-8-mala-300x200.jpg 300w, http:\/\/www.cofestival.si\/2016\/wp-content\/uploads\/sites\/8\/2016\/11\/albert-quesada-solo-na-bacha-in-glenna_urska-boljkovac-8-mala-768x512.jpg 768w, http:\/\/www.cofestival.si\/2016\/wp-content\/uploads\/sites\/8\/2016\/11\/albert-quesada-solo-na-bacha-in-glenna_urska-boljkovac-8-mala.jpg 1200w\" sizes=\"auto, (max-width: 255px) 100vw, 255px\" \/><\/a><\/p>\n<p><a href=\"http:\/\/www.cofestival.si\/2016\/wp-content\/uploads\/sites\/8\/2013\/06\/albert-quesada-solo-na-bacha-in-glenna_urska-boljkovac-7-mala.jpg\"><img loading=\"lazy\" decoding=\"async\" class=\"alignnone wp-image-3319\" src=\"http:\/\/www.cofestival.si\/2016\/wp-content\/uploads\/sites\/8\/2013\/06\/albert-quesada-solo-na-bacha-in-glenna_urska-boljkovac-7-mala-1024x683.jpg\" alt=\"albert-quesada-solo-na-bacha-in-glenna_urska-boljkovac-7-mala\" width=\"255\" height=\"170\" srcset=\"http:\/\/www.cofestival.si\/2016\/wp-content\/uploads\/sites\/8\/2013\/06\/albert-quesada-solo-na-bacha-in-glenna_urska-boljkovac-7-mala-1024x683.jpg 1024w, http:\/\/www.cofestival.si\/2016\/wp-content\/uploads\/sites\/8\/2013\/06\/albert-quesada-solo-na-bacha-in-glenna_urska-boljkovac-7-mala-300x200.jpg 300w, http:\/\/www.cofestival.si\/2016\/wp-content\/uploads\/sites\/8\/2013\/06\/albert-quesada-solo-na-bacha-in-glenna_urska-boljkovac-7-mala-768x512.jpg 768w, http:\/\/www.cofestival.si\/2016\/wp-content\/uploads\/sites\/8\/2013\/06\/albert-quesada-solo-na-bacha-in-glenna_urska-boljkovac-7-mala.jpg 1200w\" sizes=\"auto, (max-width: 255px) 100vw, 255px\" \/><\/a>\u00a0 \u00a0<a href=\"http:\/\/www.cofestival.si\/2016\/wp-content\/uploads\/sites\/8\/2016\/11\/albert-quesada-solo-na-bacha-in-glenna_urska-boljkovac-2-mala.jpg\"><img loading=\"lazy\" decoding=\"async\" class=\"alignnone wp-image-3321\" src=\"http:\/\/www.cofestival.si\/2016\/wp-content\/uploads\/sites\/8\/2016\/11\/albert-quesada-solo-na-bacha-in-glenna_urska-boljkovac-2-mala-1024x683.jpg\" alt=\"albert-quesada-solo-na-bacha-in-glenna_urska-boljkovac-2-mala\" width=\"255\" height=\"170\" srcset=\"http:\/\/www.cofestival.si\/2016\/wp-content\/uploads\/sites\/8\/2016\/11\/albert-quesada-solo-na-bacha-in-glenna_urska-boljkovac-2-mala-1024x683.jpg 1024w, http:\/\/www.cofestival.si\/2016\/wp-content\/uploads\/sites\/8\/2016\/11\/albert-quesada-solo-na-bacha-in-glenna_urska-boljkovac-2-mala-300x200.jpg 300w, http:\/\/www.cofestival.si\/2016\/wp-content\/uploads\/sites\/8\/2016\/11\/albert-quesada-solo-na-bacha-in-glenna_urska-boljkovac-2-mala-768x512.jpg 768w, http:\/\/www.cofestival.si\/2016\/wp-content\/uploads\/sites\/8\/2016\/11\/albert-quesada-solo-na-bacha-in-glenna_urska-boljkovac-2-mala.jpg 1200w\" sizes=\"auto, (max-width: 255px) 100vw, 255px\" \/><\/a><\/p>\n<p><a href=\"https:\/\/www.facebook.com\/#!\/cofestivaldance\/photos\/?tab=album&amp;album_id=1167891603326461\"><strong>More photos&gt;<\/strong><\/a><br \/>\nPhoto: Ur\u0161ka Boljkovac<\/p>\n<div>\n<hr \/>\n<h2><a href=\"http:\/\/www.cofestival.si\/2016\/blog\/2016\/10\/28\/michael-turinsky-second-skin\/\" target=\"_blank\">Michael Turinsky: Second Skin &#8211; Turn The Beat Around (30.11.2016)<\/a><\/h2>\n<p><a href=\"http:\/\/www.cofestival.si\/2016\/wp-content\/uploads\/sites\/8\/2016\/12\/michael-turinsky-druga-koza_urska-boljkovac-3-mala.jpg\"><img loading=\"lazy\" decoding=\"async\" class=\"alignnone wp-image-3326\" src=\"http:\/\/www.cofestival.si\/2016\/wp-content\/uploads\/sites\/8\/2016\/12\/michael-turinsky-druga-koza_urska-boljkovac-3-mala-1024x683.jpg\" alt=\"michael-turinsky-druga-koza_urska-boljkovac-3-mala\" width=\"255\" height=\"170\" srcset=\"http:\/\/www.cofestival.si\/2016\/wp-content\/uploads\/sites\/8\/2016\/12\/michael-turinsky-druga-koza_urska-boljkovac-3-mala-1024x683.jpg 1024w, http:\/\/www.cofestival.si\/2016\/wp-content\/uploads\/sites\/8\/2016\/12\/michael-turinsky-druga-koza_urska-boljkovac-3-mala-300x200.jpg 300w, http:\/\/www.cofestival.si\/2016\/wp-content\/uploads\/sites\/8\/2016\/12\/michael-turinsky-druga-koza_urska-boljkovac-3-mala-768x512.jpg 768w, http:\/\/www.cofestival.si\/2016\/wp-content\/uploads\/sites\/8\/2016\/12\/michael-turinsky-druga-koza_urska-boljkovac-3-mala.jpg 1200w\" sizes=\"auto, (max-width: 255px) 100vw, 255px\" \/><\/a>\u00a0 \u00a0<a href=\"http:\/\/www.cofestival.si\/2016\/wp-content\/uploads\/sites\/8\/2016\/12\/michael-turinsky-druga-koza_urska-boljkovac-8-mala.jpg\"><img loading=\"lazy\" decoding=\"async\" class=\"alignnone wp-image-3329\" src=\"http:\/\/www.cofestival.si\/2016\/wp-content\/uploads\/sites\/8\/2016\/12\/michael-turinsky-druga-koza_urska-boljkovac-8-mala-1024x683.jpg\" alt=\"michael-turinsky-druga-koza_urska-boljkovac-8-mala\" width=\"255\" height=\"170\" srcset=\"http:\/\/www.cofestival.si\/2016\/wp-content\/uploads\/sites\/8\/2016\/12\/michael-turinsky-druga-koza_urska-boljkovac-8-mala-1024x683.jpg 1024w, http:\/\/www.cofestival.si\/2016\/wp-content\/uploads\/sites\/8\/2016\/12\/michael-turinsky-druga-koza_urska-boljkovac-8-mala-300x200.jpg 300w, http:\/\/www.cofestival.si\/2016\/wp-content\/uploads\/sites\/8\/2016\/12\/michael-turinsky-druga-koza_urska-boljkovac-8-mala-768x512.jpg 768w, http:\/\/www.cofestival.si\/2016\/wp-content\/uploads\/sites\/8\/2016\/12\/michael-turinsky-druga-koza_urska-boljkovac-8-mala.jpg 1200w\" sizes=\"auto, (max-width: 255px) 100vw, 255px\" \/><\/a><\/p>\n<p><a href=\"http:\/\/www.cofestival.si\/2016\/wp-content\/uploads\/sites\/8\/2016\/12\/michael-turinsky-druga-koza_urska-boljkovac-16-mala.jpg\"><img loading=\"lazy\" decoding=\"async\" class=\"alignnone wp-image-3330\" src=\"http:\/\/www.cofestival.si\/2016\/wp-content\/uploads\/sites\/8\/2016\/12\/michael-turinsky-druga-koza_urska-boljkovac-16-mala-1024x683.jpg\" alt=\"michael-turinsky-druga-koza_urska-boljkovac-16-mala\" width=\"255\" height=\"170\" srcset=\"http:\/\/www.cofestival.si\/2016\/wp-content\/uploads\/sites\/8\/2016\/12\/michael-turinsky-druga-koza_urska-boljkovac-16-mala-1024x683.jpg 1024w, http:\/\/www.cofestival.si\/2016\/wp-content\/uploads\/sites\/8\/2016\/12\/michael-turinsky-druga-koza_urska-boljkovac-16-mala-300x200.jpg 300w, http:\/\/www.cofestival.si\/2016\/wp-content\/uploads\/sites\/8\/2016\/12\/michael-turinsky-druga-koza_urska-boljkovac-16-mala-768x512.jpg 768w, http:\/\/www.cofestival.si\/2016\/wp-content\/uploads\/sites\/8\/2016\/12\/michael-turinsky-druga-koza_urska-boljkovac-16-mala.jpg 1200w\" sizes=\"auto, (max-width: 255px) 100vw, 255px\" \/><\/a>\u00a0 \u00a0<a href=\"http:\/\/www.cofestival.si\/2016\/wp-content\/uploads\/sites\/8\/2013\/06\/michael-turinsky-druga-koza_urska-boljkovac-15-mala.jpg\"><img loading=\"lazy\" decoding=\"async\" class=\"alignnone wp-image-3332\" src=\"http:\/\/www.cofestival.si\/2016\/wp-content\/uploads\/sites\/8\/2013\/06\/michael-turinsky-druga-koza_urska-boljkovac-15-mala-1024x683.jpg\" alt=\"michael-turinsky-druga-koza_urska-boljkovac-15-mala\" width=\"255\" height=\"170\" srcset=\"http:\/\/www.cofestival.si\/2016\/wp-content\/uploads\/sites\/8\/2013\/06\/michael-turinsky-druga-koza_urska-boljkovac-15-mala-1024x683.jpg 1024w, http:\/\/www.cofestival.si\/2016\/wp-content\/uploads\/sites\/8\/2013\/06\/michael-turinsky-druga-koza_urska-boljkovac-15-mala-300x200.jpg 300w, http:\/\/www.cofestival.si\/2016\/wp-content\/uploads\/sites\/8\/2013\/06\/michael-turinsky-druga-koza_urska-boljkovac-15-mala-768x512.jpg 768w, http:\/\/www.cofestival.si\/2016\/wp-content\/uploads\/sites\/8\/2013\/06\/michael-turinsky-druga-koza_urska-boljkovac-15-mala.jpg 1200w\" sizes=\"auto, (max-width: 255px) 100vw, 255px\" \/><\/a><\/p>\n<p><a href=\"https:\/\/www.facebook.com\/#!\/cofestivaldance\/photos\/?tab=album&amp;album_id=1169033539878934\"><strong>More photos&gt;<\/strong><\/a><br \/>\nPhoto: Ur\u0161ka Boljkovac<\/p>\n<div>\n<div>\n<hr \/>\n<h2>\u00a0<a href=\"http:\/\/www.cofestival.si\/2016\/blog\/2016\/10\/28\/michael-maurissens-telo-kot-arhiv\/\" target=\"_blank\">Michael Maurissens: The Body as Archive (30.11.2016)<\/a><\/h2>\n<p><a href=\"http:\/\/www.cofestival.si\/2016\/wp-content\/uploads\/sites\/8\/2013\/06\/telo-kot-arhiv_urska-boljkovac-7-mala.jpg\"><img loading=\"lazy\" decoding=\"async\" class=\"alignnone wp-image-3339\" src=\"http:\/\/www.cofestival.si\/2016\/wp-content\/uploads\/sites\/8\/2013\/06\/telo-kot-arhiv_urska-boljkovac-7-mala-1024x683.jpg\" alt=\"telo-kot-arhiv_urska-boljkovac-7-mala\" width=\"255\" height=\"170\" srcset=\"http:\/\/www.cofestival.si\/2016\/wp-content\/uploads\/sites\/8\/2013\/06\/telo-kot-arhiv_urska-boljkovac-7-mala-1024x683.jpg 1024w, http:\/\/www.cofestival.si\/2016\/wp-content\/uploads\/sites\/8\/2013\/06\/telo-kot-arhiv_urska-boljkovac-7-mala-300x200.jpg 300w, http:\/\/www.cofestival.si\/2016\/wp-content\/uploads\/sites\/8\/2013\/06\/telo-kot-arhiv_urska-boljkovac-7-mala-768x512.jpg 768w, http:\/\/www.cofestival.si\/2016\/wp-content\/uploads\/sites\/8\/2013\/06\/telo-kot-arhiv_urska-boljkovac-7-mala.jpg 1200w\" sizes=\"auto, (max-width: 255px) 100vw, 255px\" \/><\/a>\u00a0 \u00a0<a href=\"http:\/\/www.cofestival.si\/2016\/wp-content\/uploads\/sites\/8\/2013\/06\/telo-kot-arhiv_urska-boljkovac-4-mala.jpg\"><img loading=\"lazy\" decoding=\"async\" class=\"alignnone wp-image-3341\" src=\"http:\/\/www.cofestival.si\/2016\/wp-content\/uploads\/sites\/8\/2013\/06\/telo-kot-arhiv_urska-boljkovac-4-mala-1024x683.jpg\" alt=\"telo-kot-arhiv_urska-boljkovac-4-mala\" width=\"255\" height=\"170\" srcset=\"http:\/\/www.cofestival.si\/2016\/wp-content\/uploads\/sites\/8\/2013\/06\/telo-kot-arhiv_urska-boljkovac-4-mala-1024x683.jpg 1024w, http:\/\/www.cofestival.si\/2016\/wp-content\/uploads\/sites\/8\/2013\/06\/telo-kot-arhiv_urska-boljkovac-4-mala-300x200.jpg 300w, http:\/\/www.cofestival.si\/2016\/wp-content\/uploads\/sites\/8\/2013\/06\/telo-kot-arhiv_urska-boljkovac-4-mala-768x512.jpg 768w, http:\/\/www.cofestival.si\/2016\/wp-content\/uploads\/sites\/8\/2013\/06\/telo-kot-arhiv_urska-boljkovac-4-mala.jpg 1200w\" sizes=\"auto, (max-width: 255px) 100vw, 255px\" \/><\/a><\/p>\n<p><a href=\"http:\/\/www.cofestival.si\/2016\/wp-content\/uploads\/sites\/8\/2016\/12\/telo-kot-arhiv_urska-boljkovac-2-mala.jpg\"><img loading=\"lazy\" decoding=\"async\" class=\"alignnone wp-image-3345\" src=\"http:\/\/www.cofestival.si\/2016\/wp-content\/uploads\/sites\/8\/2016\/12\/telo-kot-arhiv_urska-boljkovac-2-mala-1024x683.jpg\" alt=\"telo-kot-arhiv_urska-boljkovac-2-mala\" width=\"255\" height=\"170\" srcset=\"http:\/\/www.cofestival.si\/2016\/wp-content\/uploads\/sites\/8\/2016\/12\/telo-kot-arhiv_urska-boljkovac-2-mala-1024x683.jpg 1024w, http:\/\/www.cofestival.si\/2016\/wp-content\/uploads\/sites\/8\/2016\/12\/telo-kot-arhiv_urska-boljkovac-2-mala-300x200.jpg 300w, http:\/\/www.cofestival.si\/2016\/wp-content\/uploads\/sites\/8\/2016\/12\/telo-kot-arhiv_urska-boljkovac-2-mala-768x512.jpg 768w, http:\/\/www.cofestival.si\/2016\/wp-content\/uploads\/sites\/8\/2016\/12\/telo-kot-arhiv_urska-boljkovac-2-mala.jpg 1200w\" sizes=\"auto, (max-width: 255px) 100vw, 255px\" \/><\/a>\u00a0 \u00a0<a href=\"http:\/\/www.cofestival.si\/2016\/wp-content\/uploads\/sites\/8\/2016\/12\/telo-kot-arhiv_urska-boljkovac-12-mala.jpg\"><img loading=\"lazy\" decoding=\"async\" class=\"alignnone wp-image-3343\" src=\"http:\/\/www.cofestival.si\/2016\/wp-content\/uploads\/sites\/8\/2016\/12\/telo-kot-arhiv_urska-boljkovac-12-mala-1024x683.jpg\" alt=\"telo-kot-arhiv_urska-boljkovac-12-mala\" width=\"255\" height=\"170\" srcset=\"http:\/\/www.cofestival.si\/2016\/wp-content\/uploads\/sites\/8\/2016\/12\/telo-kot-arhiv_urska-boljkovac-12-mala-1024x683.jpg 1024w, http:\/\/www.cofestival.si\/2016\/wp-content\/uploads\/sites\/8\/2016\/12\/telo-kot-arhiv_urska-boljkovac-12-mala-300x200.jpg 300w, http:\/\/www.cofestival.si\/2016\/wp-content\/uploads\/sites\/8\/2016\/12\/telo-kot-arhiv_urska-boljkovac-12-mala-768x512.jpg 768w, http:\/\/www.cofestival.si\/2016\/wp-content\/uploads\/sites\/8\/2016\/12\/telo-kot-arhiv_urska-boljkovac-12-mala.jpg 1200w\" sizes=\"auto, (max-width: 255px) 100vw, 255px\" \/><\/a><\/p>\n<p><a href=\"https:\/\/www.facebook.com\/#!\/cofestivaldance\/photos\/?tab=album&amp;album_id=1169036433211978\"><strong>More photos&gt;<\/strong><\/a><br \/>\nPhoto: Ur\u0161ka Boljkovac<\/p>\n<div>\n<div>\n<hr \/>\n<h2><a href=\"http:\/\/www.cofestival.si\/2016\/blog\/2016\/11\/07\/english-isabelle-schad-collective-jumps\/\" target=\"_blank\">Isabelle Schad: Collective Jumps (1.12.2016)<\/a><\/h2>\n<p><a href=\"http:\/\/www.cofestival.si\/2016\/wp-content\/uploads\/sites\/8\/2013\/06\/kolektivni-poskoki_urska-boljkovac-12-mala.jpg\"><img loading=\"lazy\" decoding=\"async\" class=\"alignnone wp-image-3369\" src=\"http:\/\/www.cofestival.si\/2016\/wp-content\/uploads\/sites\/8\/2013\/06\/kolektivni-poskoki_urska-boljkovac-12-mala-1024x683.jpg\" alt=\"kolektivni-poskoki_urska-boljkovac-12-mala\" width=\"255\" height=\"170\" srcset=\"http:\/\/www.cofestival.si\/2016\/wp-content\/uploads\/sites\/8\/2013\/06\/kolektivni-poskoki_urska-boljkovac-12-mala-1024x683.jpg 1024w, http:\/\/www.cofestival.si\/2016\/wp-content\/uploads\/sites\/8\/2013\/06\/kolektivni-poskoki_urska-boljkovac-12-mala-300x200.jpg 300w, http:\/\/www.cofestival.si\/2016\/wp-content\/uploads\/sites\/8\/2013\/06\/kolektivni-poskoki_urska-boljkovac-12-mala-768x512.jpg 768w, http:\/\/www.cofestival.si\/2016\/wp-content\/uploads\/sites\/8\/2013\/06\/kolektivni-poskoki_urska-boljkovac-12-mala.jpg 1200w\" sizes=\"auto, (max-width: 255px) 100vw, 255px\" \/><\/a>\u00a0 \u00a0<a href=\"http:\/\/www.cofestival.si\/2016\/wp-content\/uploads\/sites\/8\/2013\/06\/kolektivni-poskoki_urska-boljkovac-4-mala2.jpg\"><img loading=\"lazy\" decoding=\"async\" class=\"alignnone wp-image-3367\" src=\"http:\/\/www.cofestival.si\/2016\/wp-content\/uploads\/sites\/8\/2013\/06\/kolektivni-poskoki_urska-boljkovac-4-mala2-1024x683.jpg\" alt=\"kolektivni-poskoki_urska-boljkovac-4-mala2\" width=\"255\" height=\"170\" srcset=\"http:\/\/www.cofestival.si\/2016\/wp-content\/uploads\/sites\/8\/2013\/06\/kolektivni-poskoki_urska-boljkovac-4-mala2-1024x683.jpg 1024w, http:\/\/www.cofestival.si\/2016\/wp-content\/uploads\/sites\/8\/2013\/06\/kolektivni-poskoki_urska-boljkovac-4-mala2-300x200.jpg 300w, http:\/\/www.cofestival.si\/2016\/wp-content\/uploads\/sites\/8\/2013\/06\/kolektivni-poskoki_urska-boljkovac-4-mala2-768x512.jpg 768w, http:\/\/www.cofestival.si\/2016\/wp-content\/uploads\/sites\/8\/2013\/06\/kolektivni-poskoki_urska-boljkovac-4-mala2.jpg 1200w\" sizes=\"auto, (max-width: 255px) 100vw, 255px\" \/><\/a><\/p>\n<p><a href=\"http:\/\/www.cofestival.si\/2016\/wp-content\/uploads\/sites\/8\/2013\/06\/kolektivni-poskoki_urska-boljkovac-8-mala.jpg\"><img loading=\"lazy\" decoding=\"async\" class=\"alignnone wp-image-3372\" src=\"http:\/\/www.cofestival.si\/2016\/wp-content\/uploads\/sites\/8\/2013\/06\/kolektivni-poskoki_urska-boljkovac-8-mala-1024x683.jpg\" alt=\"kolektivni-poskoki_urska-boljkovac-8-mala\" width=\"255\" height=\"170\" srcset=\"http:\/\/www.cofestival.si\/2016\/wp-content\/uploads\/sites\/8\/2013\/06\/kolektivni-poskoki_urska-boljkovac-8-mala-1024x683.jpg 1024w, http:\/\/www.cofestival.si\/2016\/wp-content\/uploads\/sites\/8\/2013\/06\/kolektivni-poskoki_urska-boljkovac-8-mala-300x200.jpg 300w, http:\/\/www.cofestival.si\/2016\/wp-content\/uploads\/sites\/8\/2013\/06\/kolektivni-poskoki_urska-boljkovac-8-mala-768x512.jpg 768w, http:\/\/www.cofestival.si\/2016\/wp-content\/uploads\/sites\/8\/2013\/06\/kolektivni-poskoki_urska-boljkovac-8-mala.jpg 1200w\" sizes=\"auto, (max-width: 255px) 100vw, 255px\" \/><\/a>\u00a0 \u00a0<a href=\"http:\/\/www.cofestival.si\/2016\/wp-content\/uploads\/sites\/8\/2013\/06\/kolektivni-poskoki_urska-boljkovac-15-mala2.jpg\"><img loading=\"lazy\" decoding=\"async\" class=\"alignnone wp-image-3371\" src=\"http:\/\/www.cofestival.si\/2016\/wp-content\/uploads\/sites\/8\/2013\/06\/kolektivni-poskoki_urska-boljkovac-15-mala2-1024x683.jpg\" alt=\"kolektivni-poskoki_urska-boljkovac-15-mala2\" width=\"255\" height=\"170\" srcset=\"http:\/\/www.cofestival.si\/2016\/wp-content\/uploads\/sites\/8\/2013\/06\/kolektivni-poskoki_urska-boljkovac-15-mala2-1024x683.jpg 1024w, http:\/\/www.cofestival.si\/2016\/wp-content\/uploads\/sites\/8\/2013\/06\/kolektivni-poskoki_urska-boljkovac-15-mala2-300x200.jpg 300w, http:\/\/www.cofestival.si\/2016\/wp-content\/uploads\/sites\/8\/2013\/06\/kolektivni-poskoki_urska-boljkovac-15-mala2-768x512.jpg 768w, http:\/\/www.cofestival.si\/2016\/wp-content\/uploads\/sites\/8\/2013\/06\/kolektivni-poskoki_urska-boljkovac-15-mala2.jpg 1200w\" sizes=\"auto, (max-width: 255px) 100vw, 255px\" \/><\/a><\/p>\n<p><a href=\"https:\/\/www.facebook.com\/cofestivaldance\/photos\/?tab=album&amp;album_id=1170163539765934#!\/cofestivaldance\/photos\/?tab=album&amp;album_id=1170164956432459\"><strong>More photos&gt;<\/strong><\/a><br \/>\nPhoto: Ur\u0161ka Boljkovac<\/p>\n<div>\n<hr \/>\n<h2><a href=\"http:\/\/www.cofestival.si\/2016\/blog\/2016\/11\/09\/english-bara-kolenc-retorika-zasebne-misli\/\" target=\"_blank\">Bara Kolenc &amp; Atej Tutta: Retorika \u2013 Private Thoughts 4\u00ba (2.12.2016)<\/a><\/h2>\n<p><a href=\"http:\/\/www.cofestival.si\/2016\/wp-content\/uploads\/sites\/8\/2016\/12\/bara-kolenc-in-atej-tutta_urska-boljkovac-6-mala.jpg\"><img loading=\"lazy\" decoding=\"async\" class=\"alignnone wp-image-3383\" src=\"http:\/\/www.cofestival.si\/2016\/wp-content\/uploads\/sites\/8\/2016\/12\/bara-kolenc-in-atej-tutta_urska-boljkovac-6-mala-1024x683.jpg\" alt=\"bara-kolenc-in-atej-tutta_urska-boljkovac-6-mala\" width=\"255\" height=\"170\" srcset=\"http:\/\/www.cofestival.si\/2016\/wp-content\/uploads\/sites\/8\/2016\/12\/bara-kolenc-in-atej-tutta_urska-boljkovac-6-mala-1024x683.jpg 1024w, http:\/\/www.cofestival.si\/2016\/wp-content\/uploads\/sites\/8\/2016\/12\/bara-kolenc-in-atej-tutta_urska-boljkovac-6-mala-300x200.jpg 300w, http:\/\/www.cofestival.si\/2016\/wp-content\/uploads\/sites\/8\/2016\/12\/bara-kolenc-in-atej-tutta_urska-boljkovac-6-mala-768x512.jpg 768w, http:\/\/www.cofestival.si\/2016\/wp-content\/uploads\/sites\/8\/2016\/12\/bara-kolenc-in-atej-tutta_urska-boljkovac-6-mala.jpg 1200w\" sizes=\"auto, (max-width: 255px) 100vw, 255px\" \/><\/a>\u00a0 \u00a0<a href=\"http:\/\/www.cofestival.si\/2016\/wp-content\/uploads\/sites\/8\/2016\/12\/bara-kolenc-in-atej-tutta_urska-boljkovac-4-mala.jpg\"><img loading=\"lazy\" decoding=\"async\" class=\"alignnone wp-image-3382\" src=\"http:\/\/www.cofestival.si\/2016\/wp-content\/uploads\/sites\/8\/2016\/12\/bara-kolenc-in-atej-tutta_urska-boljkovac-4-mala-1024x683.jpg\" alt=\"bara-kolenc-in-atej-tutta_urska-boljkovac-4-mala\" width=\"255\" height=\"170\" srcset=\"http:\/\/www.cofestival.si\/2016\/wp-content\/uploads\/sites\/8\/2016\/12\/bara-kolenc-in-atej-tutta_urska-boljkovac-4-mala-1024x683.jpg 1024w, http:\/\/www.cofestival.si\/2016\/wp-content\/uploads\/sites\/8\/2016\/12\/bara-kolenc-in-atej-tutta_urska-boljkovac-4-mala-300x200.jpg 300w, http:\/\/www.cofestival.si\/2016\/wp-content\/uploads\/sites\/8\/2016\/12\/bara-kolenc-in-atej-tutta_urska-boljkovac-4-mala-768x512.jpg 768w, http:\/\/www.cofestival.si\/2016\/wp-content\/uploads\/sites\/8\/2016\/12\/bara-kolenc-in-atej-tutta_urska-boljkovac-4-mala.jpg 1200w\" sizes=\"auto, (max-width: 255px) 100vw, 255px\" \/><\/a><\/p>\n<p><a href=\"http:\/\/www.cofestival.si\/2016\/wp-content\/uploads\/sites\/8\/2016\/12\/bara-kolenc-in-atej-tutta_urska-boljkovac-2-mala.jpg\"><img loading=\"lazy\" decoding=\"async\" class=\"alignnone wp-image-3381\" src=\"http:\/\/www.cofestival.si\/2016\/wp-content\/uploads\/sites\/8\/2016\/12\/bara-kolenc-in-atej-tutta_urska-boljkovac-2-mala-1024x683.jpg\" alt=\"bara-kolenc-in-atej-tutta_urska-boljkovac-2-mala\" width=\"255\" height=\"170\" srcset=\"http:\/\/www.cofestival.si\/2016\/wp-content\/uploads\/sites\/8\/2016\/12\/bara-kolenc-in-atej-tutta_urska-boljkovac-2-mala-1024x683.jpg 1024w, http:\/\/www.cofestival.si\/2016\/wp-content\/uploads\/sites\/8\/2016\/12\/bara-kolenc-in-atej-tutta_urska-boljkovac-2-mala-300x200.jpg 300w, http:\/\/www.cofestival.si\/2016\/wp-content\/uploads\/sites\/8\/2016\/12\/bara-kolenc-in-atej-tutta_urska-boljkovac-2-mala-768x512.jpg 768w, http:\/\/www.cofestival.si\/2016\/wp-content\/uploads\/sites\/8\/2016\/12\/bara-kolenc-in-atej-tutta_urska-boljkovac-2-mala.jpg 1200w\" sizes=\"auto, (max-width: 255px) 100vw, 255px\" \/><\/a>\u00a0 \u00a0<a href=\"http:\/\/www.cofestival.si\/2016\/wp-content\/uploads\/sites\/8\/2016\/12\/bara-kolenc-in-atej-tutta_urska-boljkovac-1-mala.jpg\"><img loading=\"lazy\" decoding=\"async\" class=\"alignnone wp-image-3380\" src=\"http:\/\/www.cofestival.si\/2016\/wp-content\/uploads\/sites\/8\/2016\/12\/bara-kolenc-in-atej-tutta_urska-boljkovac-1-mala-1024x683.jpg\" alt=\"bara-kolenc-in-atej-tutta_urska-boljkovac-1-mala\" width=\"255\" height=\"170\" srcset=\"http:\/\/www.cofestival.si\/2016\/wp-content\/uploads\/sites\/8\/2016\/12\/bara-kolenc-in-atej-tutta_urska-boljkovac-1-mala-1024x683.jpg 1024w, http:\/\/www.cofestival.si\/2016\/wp-content\/uploads\/sites\/8\/2016\/12\/bara-kolenc-in-atej-tutta_urska-boljkovac-1-mala-300x200.jpg 300w, http:\/\/www.cofestival.si\/2016\/wp-content\/uploads\/sites\/8\/2016\/12\/bara-kolenc-in-atej-tutta_urska-boljkovac-1-mala-768x512.jpg 768w, http:\/\/www.cofestival.si\/2016\/wp-content\/uploads\/sites\/8\/2016\/12\/bara-kolenc-in-atej-tutta_urska-boljkovac-1-mala.jpg 1200w\" sizes=\"auto, (max-width: 255px) 100vw, 255px\" \/><\/a><\/p>\n<p><a href=\"https:\/\/www.facebook.com\/pg\/cofestivaldance\/photos\/?tab=album&amp;album_id=1171108799671408\"><strong>More photos&gt;<\/strong><\/a><br \/>\nPhoto: Ur\u0161ka Boljkovac<\/p>\n<\/div>\n<\/div>\n<\/div>\n<\/div>\n<\/div>\n<div>\n<div>\n<div>\n<hr \/>\n<h2>\u00a0<a href=\"http:\/\/www.cofestival.si\/2016\/blog\/2016\/10\/28\/verena-billinger-sebastian-schulz-nasilni-dogodek\/\" target=\"_blank\">Verena Billinger &amp; Sebastian Schulz: Violent Event (2.12.2016)<\/a><\/h2>\n<p><a href=\"http:\/\/www.cofestival.si\/2016\/wp-content\/uploads\/sites\/8\/2016\/12\/nasilni-dogodek_urska-boljkovac-11-mala.jpg\"><img loading=\"lazy\" decoding=\"async\" class=\"alignnone wp-image-3387\" src=\"http:\/\/www.cofestival.si\/2016\/wp-content\/uploads\/sites\/8\/2016\/12\/nasilni-dogodek_urska-boljkovac-11-mala-1024x683.jpg\" alt=\"nasilni-dogodek_urska-boljkovac-11-mala\" width=\"255\" height=\"170\" srcset=\"http:\/\/www.cofestival.si\/2016\/wp-content\/uploads\/sites\/8\/2016\/12\/nasilni-dogodek_urska-boljkovac-11-mala-1024x683.jpg 1024w, http:\/\/www.cofestival.si\/2016\/wp-content\/uploads\/sites\/8\/2016\/12\/nasilni-dogodek_urska-boljkovac-11-mala-300x200.jpg 300w, http:\/\/www.cofestival.si\/2016\/wp-content\/uploads\/sites\/8\/2016\/12\/nasilni-dogodek_urska-boljkovac-11-mala-768x512.jpg 768w, http:\/\/www.cofestival.si\/2016\/wp-content\/uploads\/sites\/8\/2016\/12\/nasilni-dogodek_urska-boljkovac-11-mala.jpg 1200w\" sizes=\"auto, (max-width: 255px) 100vw, 255px\" \/><\/a>\u00a0 \u00a0<a href=\"http:\/\/www.cofestival.si\/2016\/wp-content\/uploads\/sites\/8\/2016\/12\/nasilni-dogodek_urska-boljkovac-10-mala.jpg\"><img loading=\"lazy\" decoding=\"async\" class=\"alignnone wp-image-3386\" src=\"http:\/\/www.cofestival.si\/2016\/wp-content\/uploads\/sites\/8\/2016\/12\/nasilni-dogodek_urska-boljkovac-10-mala-1024x683.jpg\" alt=\"nasilni-dogodek_urska-boljkovac-10-mala\" width=\"255\" height=\"170\" srcset=\"http:\/\/www.cofestival.si\/2016\/wp-content\/uploads\/sites\/8\/2016\/12\/nasilni-dogodek_urska-boljkovac-10-mala-1024x683.jpg 1024w, http:\/\/www.cofestival.si\/2016\/wp-content\/uploads\/sites\/8\/2016\/12\/nasilni-dogodek_urska-boljkovac-10-mala-300x200.jpg 300w, http:\/\/www.cofestival.si\/2016\/wp-content\/uploads\/sites\/8\/2016\/12\/nasilni-dogodek_urska-boljkovac-10-mala-768x512.jpg 768w, http:\/\/www.cofestival.si\/2016\/wp-content\/uploads\/sites\/8\/2016\/12\/nasilni-dogodek_urska-boljkovac-10-mala.jpg 1200w\" sizes=\"auto, (max-width: 255px) 100vw, 255px\" \/><\/a><\/p>\n<p><a href=\"http:\/\/www.cofestival.si\/2016\/wp-content\/uploads\/sites\/8\/2016\/12\/nasilni-dogodek_urska-boljkovac-8-mala.jpg\"><img loading=\"lazy\" decoding=\"async\" class=\"alignnone wp-image-3385\" src=\"http:\/\/www.cofestival.si\/2016\/wp-content\/uploads\/sites\/8\/2016\/12\/nasilni-dogodek_urska-boljkovac-8-mala-1024x683.jpg\" alt=\"nasilni-dogodek_urska-boljkovac-8-mala\" width=\"255\" height=\"170\" srcset=\"http:\/\/www.cofestival.si\/2016\/wp-content\/uploads\/sites\/8\/2016\/12\/nasilni-dogodek_urska-boljkovac-8-mala-1024x683.jpg 1024w, http:\/\/www.cofestival.si\/2016\/wp-content\/uploads\/sites\/8\/2016\/12\/nasilni-dogodek_urska-boljkovac-8-mala-300x200.jpg 300w, http:\/\/www.cofestival.si\/2016\/wp-content\/uploads\/sites\/8\/2016\/12\/nasilni-dogodek_urska-boljkovac-8-mala-768x512.jpg 768w, http:\/\/www.cofestival.si\/2016\/wp-content\/uploads\/sites\/8\/2016\/12\/nasilni-dogodek_urska-boljkovac-8-mala.jpg 1200w\" sizes=\"auto, (max-width: 255px) 100vw, 255px\" \/><\/a>\u00a0 \u00a0<a href=\"http:\/\/www.cofestival.si\/2016\/wp-content\/uploads\/sites\/8\/2016\/12\/nasilni-dogodek_urska-boljkovac-7-mala.jpg\"><img loading=\"lazy\" decoding=\"async\" class=\"alignnone wp-image-3384\" src=\"http:\/\/www.cofestival.si\/2016\/wp-content\/uploads\/sites\/8\/2016\/12\/nasilni-dogodek_urska-boljkovac-7-mala-1024x683.jpg\" alt=\"nasilni-dogodek_urska-boljkovac-7-mala\" width=\"255\" height=\"170\" srcset=\"http:\/\/www.cofestival.si\/2016\/wp-content\/uploads\/sites\/8\/2016\/12\/nasilni-dogodek_urska-boljkovac-7-mala-1024x683.jpg 1024w, http:\/\/www.cofestival.si\/2016\/wp-content\/uploads\/sites\/8\/2016\/12\/nasilni-dogodek_urska-boljkovac-7-mala-300x200.jpg 300w, http:\/\/www.cofestival.si\/2016\/wp-content\/uploads\/sites\/8\/2016\/12\/nasilni-dogodek_urska-boljkovac-7-mala-768x512.jpg 768w, http:\/\/www.cofestival.si\/2016\/wp-content\/uploads\/sites\/8\/2016\/12\/nasilni-dogodek_urska-boljkovac-7-mala.jpg 1200w\" sizes=\"auto, (max-width: 255px) 100vw, 255px\" \/><\/a><\/p>\n<p><a href=\"https:\/\/www.facebook.com\/pg\/cofestivaldance\/photos\/?tab=album&amp;album_id=1171109476338007\"><strong>More photos&gt;<\/strong><\/a><br \/>\nPhoto: Ur\u0161ka Boljkovac<\/p>\n<div>\n<div>\n<div>\n<hr \/>\n<h2><a href=\"http:\/\/www.cofestival.si\/2016\/blog\/2016\/11\/09\/martin-sonderkamp-darko-dragicevic-priblizevanja3-5\/\" target=\"_blank\">Martin Sonderkamp &amp; Darko Dragi\u010devi\u0107: Approximations #5 (3.12.2016)<\/a><\/h2>\n<p><a href=\"http:\/\/www.cofestival.si\/2016\/wp-content\/uploads\/sites\/8\/2016\/12\/priblizevanja-5_urska-boljkovac-7-mala.jpg\"><img loading=\"lazy\" decoding=\"async\" class=\"alignnone wp-image-3406\" src=\"http:\/\/www.cofestival.si\/2016\/wp-content\/uploads\/sites\/8\/2016\/12\/priblizevanja-5_urska-boljkovac-7-mala-1024x683.jpg\" alt=\"priblizevanja-5_urska-boljkovac-7-mala\" width=\"255\" height=\"170\" srcset=\"http:\/\/www.cofestival.si\/2016\/wp-content\/uploads\/sites\/8\/2016\/12\/priblizevanja-5_urska-boljkovac-7-mala-1024x683.jpg 1024w, http:\/\/www.cofestival.si\/2016\/wp-content\/uploads\/sites\/8\/2016\/12\/priblizevanja-5_urska-boljkovac-7-mala-300x200.jpg 300w, http:\/\/www.cofestival.si\/2016\/wp-content\/uploads\/sites\/8\/2016\/12\/priblizevanja-5_urska-boljkovac-7-mala-768x512.jpg 768w, http:\/\/www.cofestival.si\/2016\/wp-content\/uploads\/sites\/8\/2016\/12\/priblizevanja-5_urska-boljkovac-7-mala.jpg 1200w\" sizes=\"auto, (max-width: 255px) 100vw, 255px\" \/><\/a>\u00a0 \u00a0<a href=\"http:\/\/www.cofestival.si\/2016\/wp-content\/uploads\/sites\/8\/2016\/12\/priblizevanja-5_urska-boljkovac-4-mala.jpg\"><img loading=\"lazy\" decoding=\"async\" class=\"alignnone wp-image-3405\" src=\"http:\/\/www.cofestival.si\/2016\/wp-content\/uploads\/sites\/8\/2016\/12\/priblizevanja-5_urska-boljkovac-4-mala-1024x683.jpg\" alt=\"priblizevanja-5_urska-boljkovac-4-mala\" width=\"255\" height=\"170\" srcset=\"http:\/\/www.cofestival.si\/2016\/wp-content\/uploads\/sites\/8\/2016\/12\/priblizevanja-5_urska-boljkovac-4-mala-1024x683.jpg 1024w, http:\/\/www.cofestival.si\/2016\/wp-content\/uploads\/sites\/8\/2016\/12\/priblizevanja-5_urska-boljkovac-4-mala-300x200.jpg 300w, http:\/\/www.cofestival.si\/2016\/wp-content\/uploads\/sites\/8\/2016\/12\/priblizevanja-5_urska-boljkovac-4-mala-768x512.jpg 768w, http:\/\/www.cofestival.si\/2016\/wp-content\/uploads\/sites\/8\/2016\/12\/priblizevanja-5_urska-boljkovac-4-mala.jpg 1200w\" sizes=\"auto, (max-width: 255px) 100vw, 255px\" \/><\/a><\/p>\n<p><a href=\"http:\/\/www.cofestival.si\/2016\/wp-content\/uploads\/sites\/8\/2016\/12\/priblizevanja-5_urska-boljkovac-3-mala.jpg\"><img loading=\"lazy\" decoding=\"async\" class=\"alignnone wp-image-3404\" src=\"http:\/\/www.cofestival.si\/2016\/wp-content\/uploads\/sites\/8\/2016\/12\/priblizevanja-5_urska-boljkovac-3-mala-1024x683.jpg\" alt=\"priblizevanja-5_urska-boljkovac-3-mala\" width=\"255\" height=\"170\" srcset=\"http:\/\/www.cofestival.si\/2016\/wp-content\/uploads\/sites\/8\/2016\/12\/priblizevanja-5_urska-boljkovac-3-mala-1024x683.jpg 1024w, http:\/\/www.cofestival.si\/2016\/wp-content\/uploads\/sites\/8\/2016\/12\/priblizevanja-5_urska-boljkovac-3-mala-300x200.jpg 300w, http:\/\/www.cofestival.si\/2016\/wp-content\/uploads\/sites\/8\/2016\/12\/priblizevanja-5_urska-boljkovac-3-mala-768x512.jpg 768w, http:\/\/www.cofestival.si\/2016\/wp-content\/uploads\/sites\/8\/2016\/12\/priblizevanja-5_urska-boljkovac-3-mala.jpg 1200w\" sizes=\"auto, (max-width: 255px) 100vw, 255px\" \/><\/a>\u00a0 \u00a0<a href=\"http:\/\/www.cofestival.si\/2016\/wp-content\/uploads\/sites\/8\/2016\/12\/priblizevanja-5_urska-boljkovac-1-mala.jpg\"><img loading=\"lazy\" decoding=\"async\" class=\"alignnone wp-image-3403\" src=\"http:\/\/www.cofestival.si\/2016\/wp-content\/uploads\/sites\/8\/2016\/12\/priblizevanja-5_urska-boljkovac-1-mala-1024x683.jpg\" alt=\"priblizevanja-5_urska-boljkovac-1-mala\" width=\"255\" height=\"170\" srcset=\"http:\/\/www.cofestival.si\/2016\/wp-content\/uploads\/sites\/8\/2016\/12\/priblizevanja-5_urska-boljkovac-1-mala-1024x683.jpg 1024w, http:\/\/www.cofestival.si\/2016\/wp-content\/uploads\/sites\/8\/2016\/12\/priblizevanja-5_urska-boljkovac-1-mala-300x200.jpg 300w, http:\/\/www.cofestival.si\/2016\/wp-content\/uploads\/sites\/8\/2016\/12\/priblizevanja-5_urska-boljkovac-1-mala-768x512.jpg 768w, http:\/\/www.cofestival.si\/2016\/wp-content\/uploads\/sites\/8\/2016\/12\/priblizevanja-5_urska-boljkovac-1-mala.jpg 1200w\" sizes=\"auto, (max-width: 255px) 100vw, 255px\" \/><\/a><\/p>\n<p><a href=\"https:\/\/www.facebook.com\/pg\/cofestivaldance\/photos\/?tab=album&amp;album_id=1172075769574711\"><strong>More photos&gt;<\/strong><\/a><br \/>\nPhoto: Ur\u0161ka Boljkovac<\/p>\n<\/div>\n<\/div>\n<\/div>\n<\/div>\n<\/div>\n<div>\n<hr \/>\n<h2><a href=\"http:\/\/www.cofestival.si\/2016\/blog\/2016\/10\/28\/amanda-pina-daniel-zimmerman-ples-in-upor\/\" target=\"_blank\">Amanda Pi\u00f1a &amp; Daniel Zimmerman: Endangered Human Movements Vol. II:\u00a0<\/a><a href=\"http:\/\/www.cofestival.si\/2016\/blog\/2016\/10\/28\/amanda-pina-daniel-zimmerman-ples-in-upor\/\" target=\"_blank\">Dance &amp; Resistance (3. &amp; 4. 12. 2016)<\/a><\/h2>\n<p><a href=\"http:\/\/www.cofestival.si\/2016\/wp-content\/uploads\/sites\/8\/2016\/12\/endangered-humans-movenents-2_urska-boljkovac-21-mala.jpg\"><img loading=\"lazy\" decoding=\"async\" class=\"alignnone wp-image-3402\" src=\"http:\/\/www.cofestival.si\/2016\/wp-content\/uploads\/sites\/8\/2016\/12\/endangered-humans-movenents-2_urska-boljkovac-21-mala-1024x683.jpg\" alt=\"endangered-humans-movenents-2_urska-boljkovac-21-mala\" width=\"255\" height=\"170\" srcset=\"http:\/\/www.cofestival.si\/2016\/wp-content\/uploads\/sites\/8\/2016\/12\/endangered-humans-movenents-2_urska-boljkovac-21-mala-1024x683.jpg 1024w, http:\/\/www.cofestival.si\/2016\/wp-content\/uploads\/sites\/8\/2016\/12\/endangered-humans-movenents-2_urska-boljkovac-21-mala-300x200.jpg 300w, http:\/\/www.cofestival.si\/2016\/wp-content\/uploads\/sites\/8\/2016\/12\/endangered-humans-movenents-2_urska-boljkovac-21-mala-768x512.jpg 768w, http:\/\/www.cofestival.si\/2016\/wp-content\/uploads\/sites\/8\/2016\/12\/endangered-humans-movenents-2_urska-boljkovac-21-mala.jpg 1200w\" sizes=\"auto, (max-width: 255px) 100vw, 255px\" \/><\/a>\u00a0 \u00a0<a href=\"http:\/\/www.cofestival.si\/2016\/wp-content\/uploads\/sites\/8\/2016\/12\/endangered-humans-movenents-2_urska-boljkovac-20-mala.jpg\"><img loading=\"lazy\" decoding=\"async\" class=\"alignnone wp-image-3401\" src=\"http:\/\/www.cofestival.si\/2016\/wp-content\/uploads\/sites\/8\/2016\/12\/endangered-humans-movenents-2_urska-boljkovac-20-mala-1024x683.jpg\" alt=\"endangered-humans-movenents-2_urska-boljkovac-20-mala\" width=\"255\" height=\"170\" srcset=\"http:\/\/www.cofestival.si\/2016\/wp-content\/uploads\/sites\/8\/2016\/12\/endangered-humans-movenents-2_urska-boljkovac-20-mala-1024x683.jpg 1024w, http:\/\/www.cofestival.si\/2016\/wp-content\/uploads\/sites\/8\/2016\/12\/endangered-humans-movenents-2_urska-boljkovac-20-mala-300x200.jpg 300w, http:\/\/www.cofestival.si\/2016\/wp-content\/uploads\/sites\/8\/2016\/12\/endangered-humans-movenents-2_urska-boljkovac-20-mala-768x512.jpg 768w, http:\/\/www.cofestival.si\/2016\/wp-content\/uploads\/sites\/8\/2016\/12\/endangered-humans-movenents-2_urska-boljkovac-20-mala.jpg 1200w\" sizes=\"auto, (max-width: 255px) 100vw, 255px\" \/><\/a><\/p>\n<p><a href=\"http:\/\/www.cofestival.si\/2016\/wp-content\/uploads\/sites\/8\/2016\/12\/endangered-humans-movenents-2_urska-boljkovac-12-mala.jpg\"><img loading=\"lazy\" decoding=\"async\" class=\"alignnone wp-image-3400\" src=\"http:\/\/www.cofestival.si\/2016\/wp-content\/uploads\/sites\/8\/2016\/12\/endangered-humans-movenents-2_urska-boljkovac-12-mala-1024x683.jpg\" alt=\"endangered-humans-movenents-2_urska-boljkovac-12-mala\" width=\"255\" height=\"170\" srcset=\"http:\/\/www.cofestival.si\/2016\/wp-content\/uploads\/sites\/8\/2016\/12\/endangered-humans-movenents-2_urska-boljkovac-12-mala-1024x683.jpg 1024w, http:\/\/www.cofestival.si\/2016\/wp-content\/uploads\/sites\/8\/2016\/12\/endangered-humans-movenents-2_urska-boljkovac-12-mala-300x200.jpg 300w, http:\/\/www.cofestival.si\/2016\/wp-content\/uploads\/sites\/8\/2016\/12\/endangered-humans-movenents-2_urska-boljkovac-12-mala-768x512.jpg 768w, http:\/\/www.cofestival.si\/2016\/wp-content\/uploads\/sites\/8\/2016\/12\/endangered-humans-movenents-2_urska-boljkovac-12-mala.jpg 1200w\" sizes=\"auto, (max-width: 255px) 100vw, 255px\" \/><\/a>\u00a0 \u00a0<a href=\"http:\/\/www.cofestival.si\/2016\/wp-content\/uploads\/sites\/8\/2016\/12\/endangered-humans-movenents-2_urska-boljkovac-5-mala.jpg\"><img loading=\"lazy\" decoding=\"async\" class=\"alignnone wp-image-3399\" src=\"http:\/\/www.cofestival.si\/2016\/wp-content\/uploads\/sites\/8\/2016\/12\/endangered-humans-movenents-2_urska-boljkovac-5-mala-1024x683.jpg\" alt=\"endangered-humans-movenents-2_urska-boljkovac-5-mala\" width=\"255\" height=\"170\" srcset=\"http:\/\/www.cofestival.si\/2016\/wp-content\/uploads\/sites\/8\/2016\/12\/endangered-humans-movenents-2_urska-boljkovac-5-mala-1024x683.jpg 1024w, http:\/\/www.cofestival.si\/2016\/wp-content\/uploads\/sites\/8\/2016\/12\/endangered-humans-movenents-2_urska-boljkovac-5-mala-300x200.jpg 300w, http:\/\/www.cofestival.si\/2016\/wp-content\/uploads\/sites\/8\/2016\/12\/endangered-humans-movenents-2_urska-boljkovac-5-mala-768x512.jpg 768w, http:\/\/www.cofestival.si\/2016\/wp-content\/uploads\/sites\/8\/2016\/12\/endangered-humans-movenents-2_urska-boljkovac-5-mala.jpg 1200w\" sizes=\"auto, (max-width: 255px) 100vw, 255px\" \/><\/a><\/p>\n<p><a href=\"https:\/\/www.facebook.com\/pg\/cofestivaldance\/photos\/?tab=album&amp;album_id=1172076806241274\"><strong>More photos&gt;<\/strong><\/a><br \/>\nPhoto: Ur\u0161ka Boljkovac<\/p>\n<div>\n<hr \/>\n<h2><a href=\"http:\/\/www.cofestival.si\/2016\/blog\/2016\/10\/25\/darko-dragicevic-martin-sonderkamp-extensions-1\/\" target=\"_blank\">Darko Dragi\u010devi\u0107 &amp; Martin Sonderkamp: Extensions #1 (28.11.-2.12. &amp; 4.12.2016)<\/a><\/h2>\n<p><a href=\"http:\/\/www.cofestival.si\/2016\/wp-content\/uploads\/sites\/8\/2016\/12\/podalj\u0161evanja-1_urska-boljkovac-20-mala.jpg\"><img loading=\"lazy\" decoding=\"async\" class=\"alignnone wp-image-3420\" src=\"http:\/\/www.cofestival.si\/2016\/wp-content\/uploads\/sites\/8\/2016\/12\/podalj\u0161evanja-1_urska-boljkovac-20-mala-1024x683.jpg\" alt=\"podaljsevanja-1_urska-boljkovac-20-mala\" width=\"255\" height=\"170\" srcset=\"http:\/\/www.cofestival.si\/2016\/wp-content\/uploads\/sites\/8\/2016\/12\/podalj\u0161evanja-1_urska-boljkovac-20-mala-1024x683.jpg 1024w, http:\/\/www.cofestival.si\/2016\/wp-content\/uploads\/sites\/8\/2016\/12\/podalj\u0161evanja-1_urska-boljkovac-20-mala-300x200.jpg 300w, http:\/\/www.cofestival.si\/2016\/wp-content\/uploads\/sites\/8\/2016\/12\/podalj\u0161evanja-1_urska-boljkovac-20-mala-768x512.jpg 768w, http:\/\/www.cofestival.si\/2016\/wp-content\/uploads\/sites\/8\/2016\/12\/podalj\u0161evanja-1_urska-boljkovac-20-mala.jpg 1200w\" sizes=\"auto, (max-width: 255px) 100vw, 255px\" \/><\/a>\u00a0 \u00a0<a href=\"http:\/\/www.cofestival.si\/2016\/wp-content\/uploads\/sites\/8\/2016\/12\/podalj\u0161evanja-1_urska-boljkovac-16-mala.jpg\"><img loading=\"lazy\" decoding=\"async\" class=\"alignnone wp-image-3419\" src=\"http:\/\/www.cofestival.si\/2016\/wp-content\/uploads\/sites\/8\/2016\/12\/podalj\u0161evanja-1_urska-boljkovac-16-mala-1024x683.jpg\" alt=\"podaljsevanja-1_urska-boljkovac-16-mala\" width=\"255\" height=\"170\" srcset=\"http:\/\/www.cofestival.si\/2016\/wp-content\/uploads\/sites\/8\/2016\/12\/podalj\u0161evanja-1_urska-boljkovac-16-mala-1024x683.jpg 1024w, http:\/\/www.cofestival.si\/2016\/wp-content\/uploads\/sites\/8\/2016\/12\/podalj\u0161evanja-1_urska-boljkovac-16-mala-300x200.jpg 300w, http:\/\/www.cofestival.si\/2016\/wp-content\/uploads\/sites\/8\/2016\/12\/podalj\u0161evanja-1_urska-boljkovac-16-mala-768x512.jpg 768w, http:\/\/www.cofestival.si\/2016\/wp-content\/uploads\/sites\/8\/2016\/12\/podalj\u0161evanja-1_urska-boljkovac-16-mala.jpg 1200w\" sizes=\"auto, (max-width: 255px) 100vw, 255px\" \/><\/a><\/p>\n<p><a href=\"http:\/\/www.cofestival.si\/2016\/wp-content\/uploads\/sites\/8\/2016\/12\/podaljaevanja-1_urska-bolhmtvdmFjICgyMiktbWFsYS5qcGcpodaljaevanja-1_urska-bolhmtvdmFjICgyMiktbWFsYS5qcGc.jpeg\"><img loading=\"lazy\" decoding=\"async\" class=\"alignnone wp-image-3418\" src=\"http:\/\/www.cofestival.si\/2016\/wp-content\/uploads\/sites\/8\/2016\/12\/podaljaevanja-1_urska-bolhmtvdmFjICgyMiktbWFsYS5qcGcpodaljaevanja-1_urska-bolhmtvdmFjICgyMiktbWFsYS5qcGc-1024x683.jpeg\" alt=\"podaljaevanja-1_urska-bolhmtvdmfjicgymiktbwfsys5qcgcpodaljaevanja-1_urska-bolhmtvdmfjicgymiktbwfsys5qcgc\" width=\"255\" height=\"170\" srcset=\"http:\/\/www.cofestival.si\/2016\/wp-content\/uploads\/sites\/8\/2016\/12\/podaljaevanja-1_urska-bolhmtvdmFjICgyMiktbWFsYS5qcGcpodaljaevanja-1_urska-bolhmtvdmFjICgyMiktbWFsYS5qcGc-1024x683.jpeg 1024w, http:\/\/www.cofestival.si\/2016\/wp-content\/uploads\/sites\/8\/2016\/12\/podaljaevanja-1_urska-bolhmtvdmFjICgyMiktbWFsYS5qcGcpodaljaevanja-1_urska-bolhmtvdmFjICgyMiktbWFsYS5qcGc-300x200.jpeg 300w, http:\/\/www.cofestival.si\/2016\/wp-content\/uploads\/sites\/8\/2016\/12\/podaljaevanja-1_urska-bolhmtvdmFjICgyMiktbWFsYS5qcGcpodaljaevanja-1_urska-bolhmtvdmFjICgyMiktbWFsYS5qcGc-768x512.jpeg 768w, http:\/\/www.cofestival.si\/2016\/wp-content\/uploads\/sites\/8\/2016\/12\/podaljaevanja-1_urska-bolhmtvdmFjICgyMiktbWFsYS5qcGcpodaljaevanja-1_urska-bolhmtvdmFjICgyMiktbWFsYS5qcGc.jpeg 1200w\" sizes=\"auto, (max-width: 255px) 100vw, 255px\" \/><\/a>\u00a0 \u00a0<a href=\"http:\/\/www.cofestival.si\/2016\/wp-content\/uploads\/sites\/8\/2016\/12\/podaljevanja-1_urska-boljkovac-25-mala-1.jpg\"><img loading=\"lazy\" decoding=\"async\" class=\"alignnone wp-image-3417\" src=\"http:\/\/www.cofestival.si\/2016\/wp-content\/uploads\/sites\/8\/2016\/12\/podaljevanja-1_urska-boljkovac-25-mala-1-1024x683.jpg\" alt=\"podaljevanja-1_urska-boljkovac-25-mala\" width=\"255\" height=\"170\" srcset=\"http:\/\/www.cofestival.si\/2016\/wp-content\/uploads\/sites\/8\/2016\/12\/podaljevanja-1_urska-boljkovac-25-mala-1-1024x683.jpg 1024w, http:\/\/www.cofestival.si\/2016\/wp-content\/uploads\/sites\/8\/2016\/12\/podaljevanja-1_urska-boljkovac-25-mala-1-300x200.jpg 300w, http:\/\/www.cofestival.si\/2016\/wp-content\/uploads\/sites\/8\/2016\/12\/podaljevanja-1_urska-boljkovac-25-mala-1-768x512.jpg 768w, http:\/\/www.cofestival.si\/2016\/wp-content\/uploads\/sites\/8\/2016\/12\/podaljevanja-1_urska-boljkovac-25-mala-1.jpg 1200w\" sizes=\"auto, (max-width: 255px) 100vw, 255px\" \/><\/a><\/p>\n<p><a href=\"https:\/\/www.facebook.com\/pg\/cofestivaldance\/photos\/?tab=album&amp;album_id=1173047959477492\"><strong>More photos&gt;<\/strong><\/a><br \/>\nPhoto: Ur\u0161ka Boljkovac<\/p>\n<div>\n<hr \/>\n<h2><\/h2>\n<\/div>\n<\/div>\n<\/div>\n<\/div>\n<\/div>\n<\/div>\n<\/div>\n<\/div>\n<\/div>\n<p>&nbsp;<\/p>\n<p>&nbsp;","protected":false},"excerpt":{"rendered":"<p>Cofestival 2016 Ksenija Hribar: Between the British and Slovene Contemporary Dance Contexts, exhibition opening (25.11.-4.12.2016) \u00a0 \u00a0 \u00a0 \u00a0 More photos&gt; Photo: Ur\u0161ka Boljkovac Goran Bogdanovski: 2:0 &#8211; A Performance Based on True Events, premiere &#8211; Opening of the festival (25.11.2016) \u00a0 \u00a0 \u00a0 \u00a0 More photos&gt; Photo: Ur\u0161ka Boljkovac Nina Bo\u017ei\u010d Yams &amp; Dejan [&hellip;]<\/p>\n","protected":false},"author":1,"featured_media":0,"parent":0,"menu_order":2,"comment_status":"open","ping_status":"open","template":"","meta":{"footnotes":""},"class_list":["post-59","page","type-page","status-publish","hentry"],"_links":{"self":[{"href":"http:\/\/www.cofestival.si\/2016\/en\/wp-json\/wp\/v2\/pages\/59","targetHints":{"allow":["GET"]}}],"collection":[{"href":"http:\/\/www.cofestival.si\/2016\/en\/wp-json\/wp\/v2\/pages"}],"about":[{"href":"http:\/\/www.cofestival.si\/2016\/en\/wp-json\/wp\/v2\/types\/page"}],"author":[{"embeddable":true,"href":"http:\/\/www.cofestival.si\/2016\/en\/wp-json\/wp\/v2\/users\/1"}],"replies":[{"embeddable":true,"href":"http:\/\/www.cofestival.si\/2016\/en\/wp-json\/wp\/v2\/comments?post=59"}],"version-history":[{"count":0,"href":"http:\/\/www.cofestival.si\/2016\/en\/wp-json\/wp\/v2\/pages\/59\/revisions"}],"wp:attachment":[{"href":"http:\/\/www.cofestival.si\/2016\/en\/wp-json\/wp\/v2\/media?parent=59"}],"curies":[{"name":"wp","href":"https:\/\/api.w.org\/{rel}","templated":true}]}}